{"id":4063,"date":"2022-10-22T21:56:25","date_gmt":"2022-10-22T19:56:25","guid":{"rendered":"https:\/\/www.alliances-celestes.com\/?page_id=4063"},"modified":"2026-02-16T14:48:55","modified_gmt":"2026-02-16T13:48:55","slug":"banniere-de-la-paix","status":"publish","type":"page","link":"https:\/\/www.alliances-celestes.com\/es\/vision-humanitaire\/banniere-de-la-paix\/","title":{"rendered":"Bandera de la Paz"},"content":{"rendered":"<div data-elementor-type=\"wp-page\" data-elementor-id=\"4063\" class=\"elementor elementor-4063\" data-elementor-settings=\"{&quot;ha_cmc_init_switcher&quot;:&quot;no&quot;}\" data-elementor-post-type=\"page\">\n\t\t\t\t\t\t<section data-particle_enable=\"false\" data-particle-mobile-disabled=\"false\" class=\"elementor-section elementor-top-section elementor-element elementor-element-79d572b8 elementor-section-boxed elementor-section-height-default elementor-section-height-default exad-glass-effect-no exad-sticky-section-no\" data-id=\"79d572b8\" data-element_type=\"section\">\n\t\t\t\t\t\t<div class=\"elementor-container elementor-column-gap-default\">\n\t\t\t\t\t<div class=\"elementor-column elementor-col-100 elementor-top-column elementor-element elementor-element-72e57bf8 exad-glass-effect-no exad-sticky-section-no\" data-id=\"72e57bf8\" data-element_type=\"column\">\n\t\t\t<div class=\"elementor-widget-wrap elementor-element-populated\">\n\t\t\t\t\t\t<div class=\"elementor-element elementor-element-1dc4dc8a e-grid-align-right elementor-shape-rounded elementor-grid-0 exad-sticky-section-no exad-glass-effect-no elementor-invisible elementor-widget elementor-widget-social-icons\" data-id=\"1dc4dc8a\" data-element_type=\"widget\" data-settings=\"{&quot;_animation&quot;:&quot;jello&quot;}\" data-widget_type=\"social-icons.default\">\n\t\t\t\t<div class=\"elementor-widget-container\">\n\t\t\t\t\t\t\t<div class=\"elementor-social-icons-wrapper elementor-grid\" role=\"list\">\n\t\t\t\t\t\t\t<span class=\"elementor-grid-item\" role=\"listitem\">\n\t\t\t\t\t<a class=\"elementor-icon elementor-social-icon elementor-social-icon-vk elementor-repeater-item-072f30f\" href=\"https:\/\/vk.com\/alliancescelestesfrance?t2fs=cc6d483210c9e3de94_2\" target=\"_blank\">\n\t\t\t\t\t\t<span class=\"elementor-screen-only\">Vk<\/span>\n\t\t\t\t\t\t<i class=\"fab fa-vk\"><\/i>\t\t\t\t\t<\/a>\n\t\t\t\t<\/span>\n\t\t\t\t\t\t\t<span class=\"elementor-grid-item\" role=\"listitem\">\n\t\t\t\t\t<a class=\"elementor-icon elementor-social-icon elementor-social-icon-youtube elementor-repeater-item-633b8e3\" href=\"https:\/\/www.youtube.com\/channel\/UCNyhu9pHPOlLZO_WeNn26Tw\" target=\"_blank\">\n\t\t\t\t\t\t<span class=\"elementor-screen-only\">Youtube<\/span>\n\t\t\t\t\t\t<i class=\"fab fa-youtube\"><\/i>\t\t\t\t\t<\/a>\n\t\t\t\t<\/span>\n\t\t\t\t\t<\/div>\n\t\t\t\t\t\t<\/div>\n\t\t\t\t<\/div>\n\t\t\t\t\t<\/div>\n\t\t<\/div>\n\t\t\t\t\t<\/div>\n\t\t<\/section>\n\t\t\t\t<section data-particle_enable=\"false\" data-particle-mobile-disabled=\"false\" class=\"elementor-section elementor-top-section elementor-element elementor-element-54c22985 elementor-section-boxed elementor-section-height-default elementor-section-height-default exad-glass-effect-no exad-sticky-section-no\" data-id=\"54c22985\" data-element_type=\"section\">\n\t\t\t\t\t\t<div class=\"elementor-container elementor-column-gap-default\">\n\t\t\t\t\t<div class=\"elementor-column elementor-col-50 elementor-top-column elementor-element elementor-element-4d9fb951 exad-glass-effect-no exad-sticky-section-no\" data-id=\"4d9fb951\" data-element_type=\"column\">\n\t\t\t<div class=\"elementor-widget-wrap elementor-element-populated\">\n\t\t\t\t\t\t<div class=\"elementor-element elementor-element-63489067 exad-sticky-section-no exad-glass-effect-no elementor-widget elementor-widget-html\" data-id=\"63489067\" data-element_type=\"widget\" data-widget_type=\"html.default\">\n\t\t\t\t<div class=\"elementor-widget-container\">\n\t\t\t\t\t<p align=\"left\">\r\n\t<img fetchpriority=\"high\" decoding=\"async\" border=\"0\" src=\"https:\/\/www.alliances-celestes.com\/wp-content\/uploads\/2022\/logos\/logo_untour.gif\" width=\"300\" height=\"300\">\r\n<\/p>\r\n\t\t\t\t<\/div>\n\t\t\t\t<\/div>\n\t\t\t\t\t<\/div>\n\t\t<\/div>\n\t\t\t\t<div class=\"elementor-column elementor-col-50 elementor-top-column elementor-element elementor-element-79d3029e exad-glass-effect-no exad-sticky-section-no\" data-id=\"79d3029e\" data-element_type=\"column\">\n\t\t\t<div class=\"elementor-widget-wrap elementor-element-populated\">\n\t\t\t\t\t\t<div class=\"elementor-element elementor-element-573670fd exad-sticky-section-no exad-glass-effect-no elementor-invisible elementor-widget elementor-widget-heading\" data-id=\"573670fd\" data-element_type=\"widget\" data-settings=\"{&quot;_animation&quot;:&quot;rotateInUpRight&quot;}\" data-widget_type=\"heading.default\">\n\t\t\t\t<div class=\"elementor-widget-container\">\n\t\t\t\t\t<h6 class=\"elementor-heading-title elementor-size-large\">A.C.F.<\/h6>\t\t\t\t<\/div>\n\t\t\t\t<\/div>\n\t\t\t\t\t<\/div>\n\t\t<\/div>\n\t\t\t\t\t<\/div>\n\t\t<\/section>\n\t\t\t\t<section data-particle_enable=\"false\" data-particle-mobile-disabled=\"false\" class=\"elementor-section elementor-top-section elementor-element elementor-element-e6d9b60 elementor-section-boxed elementor-section-height-default elementor-section-height-default exad-glass-effect-no exad-sticky-section-no\" data-id=\"e6d9b60\" data-element_type=\"section\">\n\t\t\t\t\t\t<div class=\"elementor-container elementor-column-gap-default\">\n\t\t\t\t\t<div class=\"elementor-column elementor-col-100 elementor-top-column elementor-element elementor-element-396944b7 exad-glass-effect-no exad-sticky-section-no\" data-id=\"396944b7\" data-element_type=\"column\">\n\t\t\t<div class=\"elementor-widget-wrap elementor-element-populated\">\n\t\t\t\t\t\t<div class=\"elementor-element elementor-element-67377519 exad-sticky-section-no exad-glass-effect-no elementor-widget elementor-widget-html\" data-id=\"67377519\" data-element_type=\"widget\" data-widget_type=\"html.default\">\n\t\t\t\t<div class=\"elementor-widget-container\">\n\t\t\t\t\t<div id=\"accueil\">\n\t<div id=\"titretex\" class=\"centrediv\">\n\t    Ambassades de Paix\n\t<\/div>\n<\/div>\t\t\t\t<\/div>\n\t\t\t\t<\/div>\n\t\t\t\t\t<\/div>\n\t\t<\/div>\n\t\t\t\t\t<\/div>\n\t\t<\/section>\n\t\t\t\t<section data-particle_enable=\"false\" data-particle-mobile-disabled=\"false\" class=\"elementor-section elementor-top-section elementor-element elementor-element-4d31df3 elementor-section-boxed elementor-section-height-default elementor-section-height-default exad-glass-effect-no exad-sticky-section-no\" data-id=\"4d31df3\" data-element_type=\"section\">\n\t\t\t\t\t\t<div class=\"elementor-container elementor-column-gap-default\">\n\t\t\t\t\t<div class=\"elementor-column elementor-col-100 elementor-top-column elementor-element elementor-element-a608c45 exad-glass-effect-no exad-sticky-section-no\" data-id=\"a608c45\" data-element_type=\"column\">\n\t\t\t<div class=\"elementor-widget-wrap elementor-element-populated\">\n\t\t\t\t\t\t<div class=\"elementor-element elementor-element-b9cc29e exad-sticky-section-no exad-glass-effect-no elementor-widget elementor-widget-image\" data-id=\"b9cc29e\" data-element_type=\"widget\" data-widget_type=\"image.default\">\n\t\t\t\t<div class=\"elementor-widget-container\">\n\t\t\t\t\t\t\t\t\t\t\t\t\t\t\t<img decoding=\"async\" src=\"https:\/\/www.alliances-celestes.com\/wp-content\/uploads\/elementor\/thumbs\/Drapeau-pwlosawb9tm12k3n0yg83nhqc1qo4mj98hftt8mvfk.jpg\" title=\"Bandera\" alt=\"Drapeau\" loading=\"lazy\" \/>\t\t\t\t\t\t\t\t\t\t\t\t\t\t\t<\/div>\n\t\t\t\t<\/div>\n\t\t\t\t\t<\/div>\n\t\t<\/div>\n\t\t\t\t\t<\/div>\n\t\t<\/section>\n\t\t\t\t<section data-particle_enable=\"false\" data-particle-mobile-disabled=\"false\" class=\"elementor-section elementor-top-section elementor-element elementor-element-f3333c5 elementor-section-boxed elementor-section-height-default elementor-section-height-default exad-glass-effect-no exad-sticky-section-no elementor-invisible\" data-id=\"f3333c5\" data-element_type=\"section\" data-settings=\"{&quot;animation&quot;:&quot;rotateIn&quot;}\">\n\t\t\t\t\t\t<div class=\"elementor-container elementor-column-gap-default\">\n\t\t\t\t\t<div class=\"elementor-column elementor-col-100 elementor-top-column elementor-element elementor-element-6108ff6 exad-glass-effect-no exad-sticky-section-no\" data-id=\"6108ff6\" data-element_type=\"column\">\n\t\t\t<div class=\"elementor-widget-wrap elementor-element-populated\">\n\t\t\t\t\t\t<div class=\"elementor-element elementor-element-d02b86d exad-sticky-section-no exad-glass-effect-no elementor-widget elementor-widget-heading\" data-id=\"d02b86d\" data-element_type=\"widget\" data-widget_type=\"heading.default\">\n\t\t\t\t<div class=\"elementor-widget-container\">\n\t\t\t\t\t<h2 class=\"elementor-heading-title elementor-size-default\">GRANDE OP\u00c9RATION AMBASSADES DE PAIX !<\/h2>\t\t\t\t<\/div>\n\t\t\t\t<\/div>\n\t\t\t\t\t<\/div>\n\t\t<\/div>\n\t\t\t\t\t<\/div>\n\t\t<\/section>\n\t\t\t\t<section data-particle_enable=\"false\" data-particle-mobile-disabled=\"false\" class=\"elementor-section elementor-top-section elementor-element elementor-element-a52f2db elementor-section-boxed elementor-section-height-default elementor-section-height-default exad-glass-effect-no exad-sticky-section-no\" data-id=\"a52f2db\" data-element_type=\"section\">\n\t\t\t\t\t\t<div class=\"elementor-container elementor-column-gap-default\">\n\t\t\t\t\t<div class=\"elementor-column elementor-col-100 elementor-top-column elementor-element elementor-element-9949209 exad-glass-effect-no exad-sticky-section-no\" data-id=\"9949209\" data-element_type=\"column\">\n\t\t\t<div class=\"elementor-widget-wrap elementor-element-populated\">\n\t\t\t\t\t\t<div class=\"elementor-element elementor-element-6b7ffe1 exad-sticky-section-no exad-glass-effect-no elementor-widget elementor-widget-text-editor\" data-id=\"6b7ffe1\" data-element_type=\"widget\" data-widget_type=\"text-editor.default\">\n\t\t\t\t<div class=\"elementor-widget-container\">\n\t\t\t\t\t\t\t\t\t<p><strong>La QSF (Fuerza Espiritual Cu\u00e1ntica)<\/strong>a trav\u00e9s de la ONG Celestial Alliances y su delegaci\u00f3n <strong>EXOVISI\u00d3N,<\/strong>\u00a0est\u00e1n lanzando una operaci\u00f3n de Paz en el territorio franc\u00e9s (pero tambi\u00e9n, para aquellos para quienes vibre bien, en los dem\u00e1s pa\u00edses del mundo y en los dem\u00e1s mundos de este universo) en colaboraci\u00f3n con nuestros ben\u00e9volos amigos celestiales.<\/p><p>Proponemos utilizar un s\u00edmbolo universal presente en muchos lugares de nuestro planeta, vinculado a la Confederaci\u00f3n Gal\u00e1ctica, y portador de un mensaje tomado de la Bandera de la Paz creada por Nicolas Roerich.<\/p><p>El objetivo es materializar su compromiso con la paz aqu\u00ed en Gaia (el nombre de nuestra Tierra en 3D), pero tambi\u00e9n su deseo de paz en el universo.<\/p><p>Esta operaci\u00f3n deber\u00eda difundirse por todo el mundo y convertirse en mundial.<\/p>\t\t\t\t\t\t\t\t<\/div>\n\t\t\t\t<\/div>\n\t\t\t\t\t<\/div>\n\t\t<\/div>\n\t\t\t\t\t<\/div>\n\t\t<\/section>\n\t\t\t\t<section data-particle_enable=\"false\" data-particle-mobile-disabled=\"false\" class=\"elementor-section elementor-top-section elementor-element elementor-element-ea11b3f elementor-section-boxed elementor-section-height-default elementor-section-height-default exad-glass-effect-no exad-sticky-section-no\" data-id=\"ea11b3f\" data-element_type=\"section\">\n\t\t\t\t\t\t<div class=\"elementor-container elementor-column-gap-default\">\n\t\t\t\t\t<div class=\"elementor-column elementor-col-100 elementor-top-column elementor-element elementor-element-9687551 exad-glass-effect-no exad-sticky-section-no\" data-id=\"9687551\" data-element_type=\"column\">\n\t\t\t<div class=\"elementor-widget-wrap elementor-element-populated\">\n\t\t\t\t\t\t<div class=\"elementor-element elementor-element-27b4f80 exad-sticky-section-no exad-glass-effect-no elementor-invisible elementor-widget elementor-widget-image\" data-id=\"27b4f80\" data-element_type=\"widget\" data-settings=\"{&quot;_animation&quot;:&quot;rotateIn&quot;}\" data-widget_type=\"image.default\">\n\t\t\t\t<div class=\"elementor-widget-container\">\n\t\t\t\t\t\t\t\t\t\t\t\t\t\t\t<img decoding=\"async\" width=\"332\" height=\"230\" src=\"https:\/\/www.alliances-celestes.com\/wp-content\/uploads\/2022\/10\/mongolia_1934-35_1282059010_thumbnail.jpg\" class=\"attachment-large size-large wp-image-4066\" alt=\"\" srcset=\"https:\/\/www.alliances-celestes.com\/wp-content\/uploads\/2022\/10\/mongolia_1934-35_1282059010_thumbnail.jpg 332w, https:\/\/www.alliances-celestes.com\/wp-content\/uploads\/2022\/10\/mongolia_1934-35_1282059010_thumbnail-300x208.jpg 300w, https:\/\/www.alliances-celestes.com\/wp-content\/uploads\/2022\/10\/mongolia_1934-35_1282059010_thumbnail-18x12.jpg 18w, https:\/\/www.alliances-celestes.com\/wp-content\/uploads\/2022\/10\/mongolia_1934-35_1282059010_thumbnail-100x69.jpg 100w\" sizes=\"(max-width: 332px) 100vw, 332px\" \/>\t\t\t\t\t\t\t\t\t\t\t\t\t\t\t<\/div>\n\t\t\t\t<\/div>\n\t\t\t\t\t<\/div>\n\t\t<\/div>\n\t\t\t\t\t<\/div>\n\t\t<\/section>\n\t\t\t\t<section data-particle_enable=\"false\" data-particle-mobile-disabled=\"false\" class=\"elementor-section elementor-top-section elementor-element elementor-element-cd962cb elementor-section-boxed elementor-section-height-default elementor-section-height-default exad-glass-effect-no exad-sticky-section-no\" data-id=\"cd962cb\" data-element_type=\"section\">\n\t\t\t\t\t\t<div class=\"elementor-container elementor-column-gap-default\">\n\t\t\t\t\t<div class=\"elementor-column elementor-col-100 elementor-top-column elementor-element elementor-element-a07d9fe exad-glass-effect-no exad-sticky-section-no\" data-id=\"a07d9fe\" data-element_type=\"column\">\n\t\t\t<div class=\"elementor-widget-wrap elementor-element-populated\">\n\t\t\t\t\t\t<div class=\"elementor-element elementor-element-e1b5587 exad-sticky-section-no exad-glass-effect-no elementor-widget elementor-widget-heading\" data-id=\"e1b5587\" data-element_type=\"widget\" data-widget_type=\"heading.default\">\n\t\t\t\t<div class=\"elementor-widget-container\">\n\t\t\t\t\t<h2 class=\"elementor-heading-title elementor-size-default\">OPERATIVO<\/h2>\t\t\t\t<\/div>\n\t\t\t\t<\/div>\n\t\t\t\t\t<\/div>\n\t\t<\/div>\n\t\t\t\t\t<\/div>\n\t\t<\/section>\n\t\t\t\t<section data-particle_enable=\"false\" data-particle-mobile-disabled=\"false\" class=\"elementor-section elementor-top-section elementor-element elementor-element-7c73294 elementor-section-boxed elementor-section-height-default elementor-section-height-default exad-glass-effect-no exad-sticky-section-no\" data-id=\"7c73294\" data-element_type=\"section\">\n\t\t\t\t\t\t<div class=\"elementor-container elementor-column-gap-default\">\n\t\t\t\t\t<div class=\"elementor-column elementor-col-100 elementor-top-column elementor-element elementor-element-002ecf7 exad-glass-effect-no exad-sticky-section-no\" data-id=\"002ecf7\" data-element_type=\"column\">\n\t\t\t<div class=\"elementor-widget-wrap elementor-element-populated\">\n\t\t\t\t\t\t<div class=\"elementor-element elementor-element-0b1e934 exad-sticky-section-no exad-glass-effect-no elementor-widget elementor-widget-text-editor\" data-id=\"0b1e934\" data-element_type=\"widget\" data-widget_type=\"text-editor.default\">\n\t\t\t\t<div class=\"elementor-widget-container\">\n\t\t\t\t\t\t\t\t\t<p><strong><u>Objetivo:<\/u><\/strong><\/p><p>El objetivo es, por una parte, permitir a los misioneros despiertos reconocer lo celestial en su interior y, por otra, difundir las energ\u00edas de paz a trav\u00e9s de un s\u00edmbolo reconocido en todo el Universo para formar una poderosa red energ\u00e9tica en todo el planeta.<\/p><p>Si deseas difundir las vibraciones de la paz, tanto si has viajado al ser multidimensional que eres como si a\u00fan no lo has hecho, \u00a1participa en esta nueva aventura del nuevo mundo!<\/p><p><strong><u>Concretamente:<\/u><\/strong><\/p><p>A trav\u00e9s del simple pero atractivo acto de imprimir esta bandera, materializar\u00e1s la aceptaci\u00f3n de tu parte divina YO SOY y tu compromiso con la energ\u00eda de la paz y con la Luz.<\/p><p>Este s\u00edmbolo emite una vibraci\u00f3n reconocible por los celestiales ben\u00e9volos, que est\u00e1 evidentemente vinculada a la Confederaci\u00f3n Gal\u00e1ctica, cuya misi\u00f3n principal es mantener la Paz en nuestra Galaxia.<\/p><p>Desde un punto de vista emblem\u00e1tico, con este s\u00edmbolo formaliza que su territorio es neutral y debe ser respetado.<\/p><p>Desde un punto de vista simb\u00f3lico, se reconoce la vibraci\u00f3n de paz que emiten los 3 puntos y la noci\u00f3n de escudo que te protege. (ver m\u00e1s informaci\u00f3n a continuaci\u00f3n)<\/p>\t\t\t\t\t\t\t\t<\/div>\n\t\t\t\t<\/div>\n\t\t\t\t\t<\/div>\n\t\t<\/div>\n\t\t\t\t\t<\/div>\n\t\t<\/section>\n\t\t\t\t<section data-particle_enable=\"false\" data-particle-mobile-disabled=\"false\" class=\"elementor-section elementor-top-section elementor-element elementor-element-de8abbe elementor-section-boxed elementor-section-height-default elementor-section-height-default exad-glass-effect-no exad-sticky-section-no elementor-invisible\" data-id=\"de8abbe\" data-element_type=\"section\" data-settings=\"{&quot;animation&quot;:&quot;zoomInUp&quot;}\">\n\t\t\t\t\t\t<div class=\"elementor-container elementor-column-gap-default\">\n\t\t\t\t\t<div class=\"elementor-column elementor-col-100 elementor-top-column elementor-element elementor-element-91bada8 exad-glass-effect-no exad-sticky-section-no\" data-id=\"91bada8\" data-element_type=\"column\">\n\t\t\t<div class=\"elementor-widget-wrap elementor-element-populated\">\n\t\t\t\t\t\t<div class=\"elementor-element elementor-element-a35f498 exad-sticky-section-no exad-glass-effect-no elementor-widget elementor-widget-image\" data-id=\"a35f498\" data-element_type=\"widget\" data-widget_type=\"image.default\">\n\t\t\t\t<div class=\"elementor-widget-container\">\n\t\t\t\t\t\t\t\t\t\t\t\t\t\t\t\t<a href=\"https:\/\/www.alliances-celestes.com\/es\/les-operations-nationales\/banniere-de-la-paix\/liens-drapeau-de-la-paix\/\">\n\t\t\t\t\t\t\t<img decoding=\"async\" width=\"768\" height=\"512\" src=\"https:\/\/www.alliances-celestes.com\/wp-content\/uploads\/2026\/02\/Banniere-de-la-Paix-2024-768x512.jpg\" class=\"attachment-medium_large size-medium_large wp-image-13966\" alt=\"\" srcset=\"https:\/\/www.alliances-celestes.com\/wp-content\/uploads\/2026\/02\/Banniere-de-la-Paix-2024-768x512.jpg 768w, https:\/\/www.alliances-celestes.com\/wp-content\/uploads\/2026\/02\/Banniere-de-la-Paix-2024-300x200.jpg 300w, https:\/\/www.alliances-celestes.com\/wp-content\/uploads\/2026\/02\/Banniere-de-la-Paix-2024-1024x683.jpg 1024w, https:\/\/www.alliances-celestes.com\/wp-content\/uploads\/2026\/02\/Banniere-de-la-Paix-2024-391x260.jpg 391w, https:\/\/www.alliances-celestes.com\/wp-content\/uploads\/2026\/02\/Banniere-de-la-Paix-2024-1536x1024.jpg 1536w, https:\/\/www.alliances-celestes.com\/wp-content\/uploads\/2026\/02\/Banniere-de-la-Paix-2024-2048x1366.jpg 2048w, https:\/\/www.alliances-celestes.com\/wp-content\/uploads\/2026\/02\/Banniere-de-la-Paix-2024-18x12.jpg 18w, https:\/\/www.alliances-celestes.com\/wp-content\/uploads\/2026\/02\/Banniere-de-la-Paix-2024-640x427.jpg 640w, https:\/\/www.alliances-celestes.com\/wp-content\/uploads\/2026\/02\/Banniere-de-la-Paix-2024-100x67.jpg 100w, https:\/\/www.alliances-celestes.com\/wp-content\/uploads\/2026\/02\/Banniere-de-la-Paix-2024-24x16.jpg 24w, https:\/\/www.alliances-celestes.com\/wp-content\/uploads\/2026\/02\/Banniere-de-la-Paix-2024-36x24.jpg 36w, https:\/\/www.alliances-celestes.com\/wp-content\/uploads\/2026\/02\/Banniere-de-la-Paix-2024-48x32.jpg 48w, https:\/\/www.alliances-celestes.com\/wp-content\/uploads\/2026\/02\/Banniere-de-la-Paix-2024-600x400.jpg 600w\" sizes=\"(max-width: 768px) 100vw, 768px\" \/>\t\t\t\t\t\t\t\t<\/a>\n\t\t\t\t\t\t\t\t\t\t\t\t\t\t\t<\/div>\n\t\t\t\t<\/div>\n\t\t\t\t\t<\/div>\n\t\t<\/div>\n\t\t\t\t\t<\/div>\n\t\t<\/section>\n\t\t\t\t<section data-particle_enable=\"false\" data-particle-mobile-disabled=\"false\" class=\"elementor-section elementor-top-section elementor-element elementor-element-c694e03 elementor-section-boxed elementor-section-height-default elementor-section-height-default exad-glass-effect-no exad-sticky-section-no\" data-id=\"c694e03\" data-element_type=\"section\">\n\t\t\t\t\t\t<div class=\"elementor-container elementor-column-gap-default\">\n\t\t\t\t\t<div class=\"elementor-column elementor-col-100 elementor-top-column elementor-element elementor-element-951a218 exad-glass-effect-no exad-sticky-section-no\" data-id=\"951a218\" data-element_type=\"column\">\n\t\t\t<div class=\"elementor-widget-wrap elementor-element-populated\">\n\t\t\t\t\t\t<div class=\"elementor-element elementor-element-6f8fe6d exad-sticky-section-no exad-glass-effect-no elementor-widget elementor-widget-text-editor\" data-id=\"6f8fe6d\" data-element_type=\"widget\" data-widget_type=\"text-editor.default\">\n\t\t\t\t<div class=\"elementor-widget-container\">\n\t\t\t\t\t\t\t\t\t<p><strong><u>C\u00f3mo hacerlo:<\/u><\/strong><\/p><ul><li>Imprimo el logotipo con el mensaje \/ Hago una bandera para colgarla en casa<\/li><li>A trav\u00e9s de la intenci\u00f3n, env\u00edo un sincero mensaje de paz repitiendo, por ejemplo, \"\u00a0<strong>Que la Paz reine en la Tierra y en el Universo<\/strong>\u00a0\"(cuando pongo la bandera y cada d\u00eda que la veo y cuando puedo)<\/li><li>J\u2019acte, j&rsquo;incarne et j\u2019\u0153uvre pour la Paix<\/li><li>Reconozco al Celestial dentro de m\u00ed (este ser multidimensional que coexiste en varios planos y espacio-tiempo al mismo tiempo)<\/li><\/ul><p>Una vez hecho esto, <strong>env\u00edenos una foto (<a href=\"mailto:contact@alliances-celestes.com\" target=\"_blank\" rel=\"noopener\">contact@alliances-celestes.com<\/a>)<\/strong> que publicaremos en nuestro Sitio con s\u00f3lo especificar su <strong>c\u00f3digo postal y ciudad<\/strong> (y pa\u00eds si est\u00e1 fuera de Francia).<\/p><p>Ya puede consultar las fotos de Exovision haciendo clic en el bot\u00f3n que da acceso a la galer\u00eda de fotos.<\/p><p>Si somos muchos, nos gustar\u00eda hacer un mapa del mundo con la red de Paz que se est\u00e1 formando.<\/p><p>Para los que quieran hacer una bandera pero no sepan c\u00f3mo, aqu\u00ed hay enlaces para todos los presupuestos: <a href=\"https:\/\/www.alliances-celestes.com\/es\/les-operations-nationales\/banniere-de-la-paix\/liens-drapeau-de-la-paix\/\"><strong>Busca una bandera y descarga el logotipo.<\/strong><\/a><\/p>\t\t\t\t\t\t\t\t<\/div>\n\t\t\t\t<\/div>\n\t\t\t\t\t<\/div>\n\t\t<\/div>\n\t\t\t\t\t<\/div>\n\t\t<\/section>\n\t\t\t\t<section data-particle_enable=\"false\" data-particle-mobile-disabled=\"false\" class=\"elementor-section elementor-top-section elementor-element elementor-element-10a9ad3 elementor-section-boxed elementor-section-height-default elementor-section-height-default exad-glass-effect-no exad-sticky-section-no\" data-id=\"10a9ad3\" data-element_type=\"section\">\n\t\t\t\t\t\t<div class=\"elementor-container elementor-column-gap-default\">\n\t\t\t\t\t<div class=\"elementor-column elementor-col-100 elementor-top-column elementor-element elementor-element-dfde2c0 exad-glass-effect-no exad-sticky-section-no\" data-id=\"dfde2c0\" data-element_type=\"column\">\n\t\t\t<div class=\"elementor-widget-wrap elementor-element-populated\">\n\t\t\t\t\t\t<div class=\"elementor-element elementor-element-1bd46a0 exad-sticky-section-no exad-glass-effect-no elementor-invisible elementor-widget elementor-widget-image\" data-id=\"1bd46a0\" data-element_type=\"widget\" data-settings=\"{&quot;_animation&quot;:&quot;rotateIn&quot;}\" data-widget_type=\"image.default\">\n\t\t\t\t<div class=\"elementor-widget-container\">\n\t\t\t\t\t\t\t\t\t\t\t\t\t\t\t\t<a href=\"https:\/\/www.alliances-celestes.com\/es\/les-operations-nationales\/banniere-de-la-paix\/liens-drapeau-de-la-paix\/\">\n\t\t\t\t\t\t\t<img loading=\"lazy\" decoding=\"async\" width=\"150\" height=\"150\" src=\"https:\/\/www.alliances-celestes.com\/wp-content\/uploads\/2026\/02\/Banniere-de-la-Paix-2024-150x150.png\" class=\"attachment-thumbnail size-thumbnail wp-image-13967\" alt=\"\" srcset=\"https:\/\/www.alliances-celestes.com\/wp-content\/uploads\/2026\/02\/Banniere-de-la-Paix-2024-150x150.png 150w, https:\/\/www.alliances-celestes.com\/wp-content\/uploads\/2026\/02\/Banniere-de-la-Paix-2024-300x300.png 300w, https:\/\/www.alliances-celestes.com\/wp-content\/uploads\/2026\/02\/Banniere-de-la-Paix-2024-500x500.png 500w, https:\/\/www.alliances-celestes.com\/wp-content\/uploads\/2026\/02\/Banniere-de-la-Paix-2024-592x592.png 592w, https:\/\/www.alliances-celestes.com\/wp-content\/uploads\/2026\/02\/Banniere-de-la-Paix-2024-240x240.png 240w, https:\/\/www.alliances-celestes.com\/wp-content\/uploads\/2026\/02\/Banniere-de-la-Paix-2024-100x100.png 100w\" sizes=\"(max-width: 150px) 100vw, 150px\" \/>\t\t\t\t\t\t\t\t<\/a>\n\t\t\t\t\t\t\t\t\t\t\t\t\t\t\t<\/div>\n\t\t\t\t<\/div>\n\t\t\t\t<div class=\"elementor-element elementor-element-255c837 exad-sticky-section-no exad-glass-effect-no elementor-widget elementor-widget-text-editor\" data-id=\"255c837\" data-element_type=\"widget\" data-widget_type=\"text-editor.default\">\n\t\t\t\t<div class=\"elementor-widget-container\">\n\t\t\t\t\t\t\t\t\t<p>Haga clic en el logotipo para acceder a la descarga<\/p>\t\t\t\t\t\t\t\t<\/div>\n\t\t\t\t<\/div>\n\t\t\t\t\t<\/div>\n\t\t<\/div>\n\t\t\t\t\t<\/div>\n\t\t<\/section>\n\t\t\t\t<section data-particle_enable=\"false\" data-particle-mobile-disabled=\"false\" class=\"elementor-section elementor-top-section elementor-element elementor-element-ace1a54 elementor-section-boxed elementor-section-height-default elementor-section-height-default exad-glass-effect-no exad-sticky-section-no\" data-id=\"ace1a54\" data-element_type=\"section\">\n\t\t\t\t\t\t<div class=\"elementor-container elementor-column-gap-default\">\n\t\t\t\t\t<div class=\"elementor-column elementor-col-100 elementor-top-column elementor-element elementor-element-b124055 exad-glass-effect-no exad-sticky-section-no\" data-id=\"b124055\" data-element_type=\"column\">\n\t\t\t<div class=\"elementor-widget-wrap elementor-element-populated\">\n\t\t\t\t\t\t<div class=\"elementor-element elementor-element-01f8dcb elementor-align-center exad-sticky-section-no exad-glass-effect-no elementor-widget elementor-widget-button\" data-id=\"01f8dcb\" data-element_type=\"widget\" data-widget_type=\"button.default\">\n\t\t\t\t<div class=\"elementor-widget-container\">\n\t\t\t\t\t\t\t\t\t<div class=\"elementor-button-wrapper\">\n\t\t\t\t\t<a class=\"elementor-button elementor-button-link elementor-size-sm\" href=\"https:\/\/www.alliances-celestes.com\/es\/les-operations-nationales\/banniere-de-la-paix\/photos-banniere-de-la-paix\/\">\n\t\t\t\t\t\t<span class=\"elementor-button-content-wrapper\">\n\t\t\t\t\t\t<span class=\"elementor-button-icon\">\n\t\t\t\t<i aria-hidden=\"true\" class=\"fas fa-camera\"><\/i>\t\t\t<\/span>\n\t\t\t\t\t\t\t\t\t<span class=\"elementor-button-text\">Haga clic aqu\u00ed para acceder a las fotos<\/span>\n\t\t\t\t\t<\/span>\n\t\t\t\t\t<\/a>\n\t\t\t\t<\/div>\n\t\t\t\t\t\t\t\t<\/div>\n\t\t\t\t<\/div>\n\t\t\t\t\t<\/div>\n\t\t<\/div>\n\t\t\t\t\t<\/div>\n\t\t<\/section>\n\t\t\t\t<section data-particle_enable=\"false\" data-particle-mobile-disabled=\"false\" class=\"elementor-section elementor-top-section elementor-element elementor-element-009dcd5 elementor-section-boxed elementor-section-height-default elementor-section-height-default exad-glass-effect-no exad-sticky-section-no\" data-id=\"009dcd5\" data-element_type=\"section\">\n\t\t\t\t\t\t<div class=\"elementor-container elementor-column-gap-default\">\n\t\t\t\t\t<div class=\"elementor-column elementor-col-100 elementor-top-column elementor-element elementor-element-9e92206 exad-glass-effect-no exad-sticky-section-no\" data-id=\"9e92206\" data-element_type=\"column\">\n\t\t\t<div class=\"elementor-widget-wrap elementor-element-populated\">\n\t\t\t\t\t\t<div class=\"elementor-element elementor-element-f2a599f exad-sticky-section-no exad-glass-effect-no elementor-widget elementor-widget-heading\" data-id=\"f2a599f\" data-element_type=\"widget\" data-widget_type=\"heading.default\">\n\t\t\t\t<div class=\"elementor-widget-container\">\n\t\t\t\t\t<h2 class=\"elementor-heading-title elementor-size-default\">Para m\u00e1s informaci\u00f3n sobre la Bandera de la Paz, pulse aqu\u00ed:<\/h2>\t\t\t\t<\/div>\n\t\t\t\t<\/div>\n\t\t\t\t\t<\/div>\n\t\t<\/div>\n\t\t\t\t\t<\/div>\n\t\t<\/section>\n\t\t\t\t<section data-particle_enable=\"false\" data-particle-mobile-disabled=\"false\" class=\"elementor-section elementor-top-section elementor-element elementor-element-ed7e4a9 elementor-section-boxed elementor-section-height-default elementor-section-height-default exad-glass-effect-no exad-sticky-section-no\" data-id=\"ed7e4a9\" data-element_type=\"section\">\n\t\t\t\t\t\t<div class=\"elementor-container elementor-column-gap-default\">\n\t\t\t\t\t<div class=\"elementor-column elementor-col-100 elementor-top-column elementor-element elementor-element-3ae684c exad-glass-effect-no exad-sticky-section-no\" data-id=\"3ae684c\" data-element_type=\"column\">\n\t\t\t<div class=\"elementor-widget-wrap elementor-element-populated\">\n\t\t\t\t\t\t<div class=\"elementor-element elementor-element-3c70b32 exad-sticky-section-no exad-glass-effect-no elementor-widget elementor-widget-text-editor\" data-id=\"3c70b32\" data-element_type=\"widget\" data-widget_type=\"text-editor.default\">\n\t\t\t\t<div class=\"elementor-widget-container\">\n\t\t\t\t\t\t\t\t\t<p><strong><u>Historia<\/u><\/strong><\/p><p>Nicholas Roerich se top\u00f3 con este s\u00edmbolo en diversas partes del mundo, y se dio cuenta de que era una comprensi\u00f3n profunda y sofisticada de la naturaleza trinitaria de la existencia.<\/p><p>Este s\u00edmbolo tiene or\u00edgenes muy antiguos. Su primer dibujo aparece en amuletos de la Edad de Piedra (los 3 puntos de un tri\u00e1ngulo equil\u00e1tero sin el c\u00edrculo alrededor).<\/p><p>Su representaci\u00f3n tambi\u00e9n se encuentra en ornamentos cer\u00e1micos de las profundidades del Neol\u00edtico, o en los acantilados de Mongolia. En una antigua \u00e1nfora griega, encontramos el s\u00edmbolo asociado a un escudo. El corcel de la dicha pintado en los pasos del Himalaya lleva este s\u00edmbolo, brillando con fuego a su alrededor. Este triple s\u00edmbolo se encuentra en banderines budistas y en el escudo de armas de Samarcanda. La acusaci\u00f3n de que el estandarte de la paz es s\u00f3lo un s\u00edmbolo oriental no se sostiene, pues tambi\u00e9n pertenece a la tradici\u00f3n cristiana, ya que existe una representaci\u00f3n de Jesucristo Pantocr\u00e1tor (Cristo en la Gloria), del siglo VI, conservada en uno de los lugares m\u00e1s sagrados del cristianismo, en el monasterio de Santa Catalina, en el monte Sina\u00ed, que muestra a Jes\u00fas sosteniendo un libro sagrado en el que se representa el s\u00edmbolo de los tres c\u00edrculos alrededor de la cruz cuatro veces (y otras representaciones).<\/p>\t\t\t\t\t\t\t\t<\/div>\n\t\t\t\t<\/div>\n\t\t\t\t\t<\/div>\n\t\t<\/div>\n\t\t\t\t\t<\/div>\n\t\t<\/section>\n\t\t\t\t<section data-particle_enable=\"false\" data-particle-mobile-disabled=\"false\" class=\"elementor-section elementor-top-section elementor-element elementor-element-4b98157 elementor-section-boxed elementor-section-height-default elementor-section-height-default exad-glass-effect-no exad-sticky-section-no\" data-id=\"4b98157\" data-element_type=\"section\">\n\t\t\t\t\t\t<div class=\"elementor-container elementor-column-gap-default\">\n\t\t\t\t\t<div class=\"elementor-column elementor-col-100 elementor-top-column elementor-element elementor-element-6bf8960 exad-glass-effect-no exad-sticky-section-no\" data-id=\"6bf8960\" data-element_type=\"column\">\n\t\t\t<div class=\"elementor-widget-wrap elementor-element-populated\">\n\t\t\t\t\t\t<div class=\"elementor-element elementor-element-746aea4 exad-sticky-section-no exad-glass-effect-no elementor-widget elementor-widget-text-editor\" data-id=\"746aea4\" data-element_type=\"widget\" data-widget_type=\"text-editor.default\">\n\t\t\t\t<div class=\"elementor-widget-container\">\n\t\t\t\t\t\t\t\t\t<p>Fuente: C\u00edrculo Internacional de la Bandera de la Paz (www.cibp-geneve.ong)<\/p>\t\t\t\t\t\t\t\t<\/div>\n\t\t\t\t<\/div>\n\t\t\t\t\t<\/div>\n\t\t<\/div>\n\t\t\t\t\t<\/div>\n\t\t<\/section>\n\t\t\t\t<section data-particle_enable=\"false\" data-particle-mobile-disabled=\"false\" class=\"elementor-section elementor-top-section elementor-element elementor-element-1d9c588 elementor-section-boxed elementor-section-height-default elementor-section-height-default exad-glass-effect-no exad-sticky-section-no elementor-invisible\" data-id=\"1d9c588\" data-element_type=\"section\" data-settings=\"{&quot;animation&quot;:&quot;zoomInUp&quot;}\">\n\t\t\t\t\t\t<div class=\"elementor-container elementor-column-gap-default\">\n\t\t\t\t\t<div class=\"elementor-column elementor-col-50 elementor-top-column elementor-element elementor-element-6fd7d03 exad-glass-effect-no exad-sticky-section-no\" data-id=\"6fd7d03\" data-element_type=\"column\">\n\t\t\t<div class=\"elementor-widget-wrap elementor-element-populated\">\n\t\t\t\t\t\t<div class=\"elementor-element elementor-element-b60cf2b exad-sticky-section-no exad-glass-effect-no elementor-widget elementor-widget-image\" data-id=\"b60cf2b\" data-element_type=\"widget\" data-widget_type=\"image.default\">\n\t\t\t\t<div class=\"elementor-widget-container\">\n\t\t\t\t\t\t\t\t\t\t\t\t\t\t\t<img loading=\"lazy\" decoding=\"async\" width=\"184\" height=\"260\" src=\"https:\/\/www.alliances-celestes.com\/wp-content\/uploads\/2022\/10\/Amphore-grecque.jpg\" class=\"attachment-2048x2048 size-2048x2048 wp-image-4069\" alt=\"\" srcset=\"https:\/\/www.alliances-celestes.com\/wp-content\/uploads\/2022\/10\/Amphore-grecque.jpg 184w, https:\/\/www.alliances-celestes.com\/wp-content\/uploads\/2022\/10\/Amphore-grecque-8x12.jpg 8w, https:\/\/www.alliances-celestes.com\/wp-content\/uploads\/2022\/10\/Amphore-grecque-71x100.jpg 71w\" sizes=\"(max-width: 184px) 100vw, 184px\" \/>\t\t\t\t\t\t\t\t\t\t\t\t\t\t\t<\/div>\n\t\t\t\t<\/div>\n\t\t\t\t\t<\/div>\n\t\t<\/div>\n\t\t\t\t<div class=\"elementor-column elementor-col-50 elementor-top-column elementor-element elementor-element-e6c6b63 exad-glass-effect-no exad-sticky-section-no\" data-id=\"e6c6b63\" data-element_type=\"column\">\n\t\t\t<div class=\"elementor-widget-wrap elementor-element-populated\">\n\t\t\t\t\t\t<div class=\"elementor-element elementor-element-5ca2e29 exad-sticky-section-no exad-glass-effect-no elementor-widget elementor-widget-image\" data-id=\"5ca2e29\" data-element_type=\"widget\" data-widget_type=\"image.default\">\n\t\t\t\t<div class=\"elementor-widget-container\">\n\t\t\t\t\t\t\t\t\t\t\t\t\t\t\t<img loading=\"lazy\" decoding=\"async\" width=\"155\" height=\"300\" src=\"https:\/\/www.alliances-celestes.com\/wp-content\/uploads\/2022\/10\/Christ-Pantocrator-icone-845-44-couvent-Sainte-Catherine-Sinai-155x300.jpg\" class=\"attachment-medium size-medium wp-image-4070\" alt=\"\" srcset=\"https:\/\/www.alliances-celestes.com\/wp-content\/uploads\/2022\/10\/Christ-Pantocrator-icone-845-44-couvent-Sainte-Catherine-Sinai-155x300.jpg 155w, https:\/\/www.alliances-celestes.com\/wp-content\/uploads\/2022\/10\/Christ-Pantocrator-icone-845-44-couvent-Sainte-Catherine-Sinai-600x1160.jpg 600w, https:\/\/www.alliances-celestes.com\/wp-content\/uploads\/2022\/10\/Christ-Pantocrator-icone-845-44-couvent-Sainte-Catherine-Sinai-768x1485.jpg 768w, https:\/\/www.alliances-celestes.com\/wp-content\/uploads\/2022\/10\/Christ-Pantocrator-icone-845-44-couvent-Sainte-Catherine-Sinai-530x1024.jpg 530w, https:\/\/www.alliances-celestes.com\/wp-content\/uploads\/2022\/10\/Christ-Pantocrator-icone-845-44-couvent-Sainte-Catherine-Sinai-794x1536.jpg 794w, https:\/\/www.alliances-celestes.com\/wp-content\/uploads\/2022\/10\/Christ-Pantocrator-icone-845-44-couvent-Sainte-Catherine-Sinai-6x12.jpg 6w, https:\/\/www.alliances-celestes.com\/wp-content\/uploads\/2022\/10\/Christ-Pantocrator-icone-845-44-couvent-Sainte-Catherine-Sinai-248x480.jpg 248w, https:\/\/www.alliances-celestes.com\/wp-content\/uploads\/2022\/10\/Christ-Pantocrator-icone-845-44-couvent-Sainte-Catherine-Sinai-52x100.jpg 52w, https:\/\/www.alliances-celestes.com\/wp-content\/uploads\/2022\/10\/Christ-Pantocrator-icone-845-44-couvent-Sainte-Catherine-Sinai.jpg 1059w\" sizes=\"(max-width: 155px) 100vw, 155px\" \/>\t\t\t\t\t\t\t\t\t\t\t\t\t\t\t<\/div>\n\t\t\t\t<\/div>\n\t\t\t\t\t<\/div>\n\t\t<\/div>\n\t\t\t\t\t<\/div>\n\t\t<\/section>\n\t\t\t\t<section data-particle_enable=\"false\" data-particle-mobile-disabled=\"false\" class=\"elementor-section elementor-top-section elementor-element elementor-element-7130cb6 elementor-section-boxed elementor-section-height-default elementor-section-height-default exad-glass-effect-no exad-sticky-section-no\" data-id=\"7130cb6\" data-element_type=\"section\">\n\t\t\t\t\t\t<div class=\"elementor-container elementor-column-gap-default\">\n\t\t\t\t\t<div class=\"elementor-column elementor-col-100 elementor-top-column elementor-element elementor-element-2489587 exad-glass-effect-no exad-sticky-section-no\" data-id=\"2489587\" data-element_type=\"column\">\n\t\t\t<div class=\"elementor-widget-wrap elementor-element-populated\">\n\t\t\t\t\t\t<div class=\"elementor-element elementor-element-a61c76a exad-sticky-section-no exad-glass-effect-no elementor-widget elementor-widget-text-editor\" data-id=\"a61c76a\" data-element_type=\"widget\" data-widget_type=\"text-editor.default\">\n\t\t\t\t<div class=\"elementor-widget-container\">\n\t\t\t\t\t\t\t\t\t<p>La Banni\u00e8re de la Paix, est donc un symbole qui a des origines tr\u00e8s anciennes. Bien plus ancienne que n&rsquo;importe quelle soci\u00e9t\u00e9 secr\u00e8te ou groupe auxquels certains souhaitent l&rsquo;associer.<\/p><p>Nicolas Roerich es un ruso que descubri\u00f3 este s\u00edmbolo grabado en Mongolia (y en otros lugares) y fund\u00f3 la Bandera de la Paz, cuyo pacto internacional fue redactado y firmado por varios pa\u00edses en 1935. Este pacto consiste en preservar el patrimonio y las obras de arte de un pa\u00eds en tiempos de guerra y evitar su destrucci\u00f3n.<\/p><p>M\u00e1s all\u00e1 de la mera protecci\u00f3n del patrimonio cultural en caso de conflicto armado, el pacto del tratado estipulaba que todas las catedrales, museos, universidades y bibliotecas deb\u00edan ser registrados por las naciones y marcados con una bandera -conocida como Bandera de la Paz- que los designara como <strong><u>territorio neutral y respetado<\/u><\/strong> por todos los pa\u00edses signatarios.<\/p><p>El Pacto Roerich fue firmado por 22 pa\u00edses en 1935. La Bandera de la Paz se adopt\u00f3 como s\u00edmbolo del Pacto.<\/p>\t\t\t\t\t\t\t\t<\/div>\n\t\t\t\t<\/div>\n\t\t\t\t\t<\/div>\n\t\t<\/div>\n\t\t\t\t\t<\/div>\n\t\t<\/section>\n\t\t\t\t<section data-particle_enable=\"false\" data-particle-mobile-disabled=\"false\" class=\"elementor-section elementor-top-section elementor-element elementor-element-b2e1698 elementor-section-boxed elementor-section-height-default elementor-section-height-default exad-glass-effect-no exad-sticky-section-no elementor-invisible\" data-id=\"b2e1698\" data-element_type=\"section\" data-settings=\"{&quot;animation&quot;:&quot;rotateIn&quot;}\">\n\t\t\t\t\t\t<div class=\"elementor-container elementor-column-gap-default\">\n\t\t\t\t\t<div class=\"elementor-column elementor-col-100 elementor-top-column elementor-element elementor-element-c31ada6 exad-glass-effect-no exad-sticky-section-no\" data-id=\"c31ada6\" data-element_type=\"column\">\n\t\t\t<div class=\"elementor-widget-wrap elementor-element-populated\">\n\t\t\t\t\t\t<div class=\"elementor-element elementor-element-0d1e539 exad-sticky-section-no exad-glass-effect-no elementor-widget elementor-widget-image\" data-id=\"0d1e539\" data-element_type=\"widget\" data-widget_type=\"image.default\">\n\t\t\t\t<div class=\"elementor-widget-container\">\n\t\t\t\t\t\t\t\t\t\t\t\t\t\t\t<img loading=\"lazy\" decoding=\"async\" width=\"190\" height=\"263\" src=\"https:\/\/www.alliances-celestes.com\/wp-content\/uploads\/2022\/10\/Pacte-1935.jpg\" class=\"attachment-large size-large wp-image-4071\" alt=\"\" srcset=\"https:\/\/www.alliances-celestes.com\/wp-content\/uploads\/2022\/10\/Pacte-1935.jpg 190w, https:\/\/www.alliances-celestes.com\/wp-content\/uploads\/2022\/10\/Pacte-1935-9x12.jpg 9w, https:\/\/www.alliances-celestes.com\/wp-content\/uploads\/2022\/10\/Pacte-1935-72x100.jpg 72w\" sizes=\"(max-width: 190px) 100vw, 190px\" \/>\t\t\t\t\t\t\t\t\t\t\t\t\t\t\t<\/div>\n\t\t\t\t<\/div>\n\t\t\t\t\t<\/div>\n\t\t<\/div>\n\t\t\t\t\t<\/div>\n\t\t<\/section>\n\t\t\t\t<section data-particle_enable=\"false\" data-particle-mobile-disabled=\"false\" class=\"elementor-section elementor-top-section elementor-element elementor-element-6d530c7 elementor-section-boxed elementor-section-height-default elementor-section-height-default exad-glass-effect-no exad-sticky-section-no\" data-id=\"6d530c7\" data-element_type=\"section\">\n\t\t\t\t\t\t<div class=\"elementor-container elementor-column-gap-default\">\n\t\t\t\t\t<div class=\"elementor-column elementor-col-100 elementor-top-column elementor-element elementor-element-2665dac exad-glass-effect-no exad-sticky-section-no\" data-id=\"2665dac\" data-element_type=\"column\">\n\t\t\t<div class=\"elementor-widget-wrap elementor-element-populated\">\n\t\t\t\t\t\t<div class=\"elementor-element elementor-element-f38a797 exad-sticky-section-no exad-glass-effect-no elementor-widget elementor-widget-text-editor\" data-id=\"f38a797\" data-element_type=\"widget\" data-widget_type=\"text-editor.default\">\n\t\t\t\t<div class=\"elementor-widget-container\">\n\t\t\t\t\t\t\t\t\t<p>El Presidente Franklin Delano Roosevelt se\u00f1al\u00f3 que \"El tratado ten\u00eda un significado espiritual mucho m\u00e1s profundo que el acto en s\u00ed. \"\u00a0<\/p><p>Nicolas Roerich tambi\u00e9n tuvo la oportunidad de pasar 3 d\u00edas en Shambhala Tierra.<\/p><p>Durante la misi\u00f3n de Nicholas Roerich a Asia y Shambala, escribi\u00f3:<\/p><p>\"La Bandera de la Paz es el s\u00edmbolo fundamental que llevar\u00e1 a la humanidad al siguiente nivel. Bajo este s\u00edmbolo confluir\u00e1n la belleza del Arte y del Conocimiento, y las naciones se unir\u00e1n. Verdaderamente, \u00a1nuestra Bandera es el s\u00edmbolo de los principios m\u00e1s elevados!<\/p><p><strong><u>La Bandera de la Paz<\/u><\/strong><\/p><p>Es una bandera blanca con el s\u00edmbolo rojo de la triple unidad.<\/p><p>Este s\u00edmbolo se considera de valor universal y de un pasado intemporal.<\/p><p>Las leyendas indican tres estrellas concretas, que enviaron la piedra de la paz, Chintamani. Son las estrellas del escudo.<\/p><p>El s\u00edmbolo consiste en tres puntos dentro de un c\u00edrculo. Se dice que los tres puntos representan piedras Chintamani.<\/p>\t\t\t\t\t\t\t\t<\/div>\n\t\t\t\t<\/div>\n\t\t\t\t\t<\/div>\n\t\t<\/div>\n\t\t\t\t\t<\/div>\n\t\t<\/section>\n\t\t\t\t<section data-particle_enable=\"false\" data-particle-mobile-disabled=\"false\" class=\"elementor-section elementor-top-section elementor-element elementor-element-5b46490 elementor-section-boxed elementor-section-height-default elementor-section-height-default exad-glass-effect-no exad-sticky-section-no elementor-invisible\" data-id=\"5b46490\" data-element_type=\"section\" data-settings=\"{&quot;animation&quot;:&quot;rotateIn&quot;}\">\n\t\t\t\t\t\t<div class=\"elementor-container elementor-column-gap-default\">\n\t\t\t\t\t<div class=\"elementor-column elementor-col-100 elementor-top-column elementor-element elementor-element-a7895da exad-glass-effect-no exad-sticky-section-no\" data-id=\"a7895da\" data-element_type=\"column\">\n\t\t\t<div class=\"elementor-widget-wrap elementor-element-populated\">\n\t\t\t\t\t\t<div class=\"elementor-element elementor-element-88ee8c5 exad-sticky-section-no exad-glass-effect-no elementor-invisible elementor-widget elementor-widget-image\" data-id=\"88ee8c5\" data-element_type=\"widget\" data-settings=\"{&quot;_animation&quot;:&quot;rotateIn&quot;}\" data-widget_type=\"image.default\">\n\t\t\t\t<div class=\"elementor-widget-container\">\n\t\t\t\t\t\t\t\t\t\t\t\t\t\t\t<img loading=\"lazy\" decoding=\"async\" width=\"300\" height=\"300\" src=\"https:\/\/www.alliances-celestes.com\/wp-content\/uploads\/2023\/11\/Banniere-de-la-Paix-300x300.png\" class=\"attachment-medium size-medium wp-image-10845\" alt=\"\" srcset=\"https:\/\/www.alliances-celestes.com\/wp-content\/uploads\/2023\/11\/Banniere-de-la-Paix-300x300.png 300w, https:\/\/www.alliances-celestes.com\/wp-content\/uploads\/2023\/11\/Banniere-de-la-Paix-100x100.png 100w, https:\/\/www.alliances-celestes.com\/wp-content\/uploads\/2023\/11\/Banniere-de-la-Paix-150x150.png 150w, https:\/\/www.alliances-celestes.com\/wp-content\/uploads\/2023\/11\/Banniere-de-la-Paix-12x12.png 12w, https:\/\/www.alliances-celestes.com\/wp-content\/uploads\/2023\/11\/Banniere-de-la-Paix-480x480.png 480w, https:\/\/www.alliances-celestes.com\/wp-content\/uploads\/2023\/11\/Banniere-de-la-Paix-240x240.png 240w, https:\/\/www.alliances-celestes.com\/wp-content\/uploads\/2023\/11\/Banniere-de-la-Paix.png 500w\" sizes=\"(max-width: 300px) 100vw, 300px\" \/>\t\t\t\t\t\t\t\t\t\t\t\t\t\t\t<\/div>\n\t\t\t\t<\/div>\n\t\t\t\t\t<\/div>\n\t\t<\/div>\n\t\t\t\t\t<\/div>\n\t\t<\/section>\n\t\t\t\t<section data-particle_enable=\"false\" data-particle-mobile-disabled=\"false\" class=\"elementor-section elementor-top-section elementor-element elementor-element-9828f22 elementor-section-boxed elementor-section-height-default elementor-section-height-default exad-glass-effect-no exad-sticky-section-no\" data-id=\"9828f22\" data-element_type=\"section\">\n\t\t\t\t\t\t<div class=\"elementor-container elementor-column-gap-default\">\n\t\t\t\t\t<div class=\"elementor-column elementor-col-100 elementor-top-column elementor-element elementor-element-b2ee2ab exad-glass-effect-no exad-sticky-section-no\" data-id=\"b2ee2ab\" data-element_type=\"column\">\n\t\t\t<div class=\"elementor-widget-wrap elementor-element-populated\">\n\t\t\t\t\t\t<div class=\"elementor-element elementor-element-06c1588 exad-sticky-section-no exad-glass-effect-no elementor-widget elementor-widget-text-editor\" data-id=\"06c1588\" data-element_type=\"widget\" data-widget_type=\"text-editor.default\">\n\t\t\t\t<div class=\"elementor-widget-container\">\n\t\t\t\t\t\t\t\t\t<p>La Gematr\u00eda vino a confirmar la validez del lanzamiento de esta operaci\u00f3n de paz y el significado de los 3 puntos:<\/p>\t\t\t\t\t\t\t\t<\/div>\n\t\t\t\t<\/div>\n\t\t\t\t\t<\/div>\n\t\t<\/div>\n\t\t\t\t\t<\/div>\n\t\t<\/section>\n\t\t\t\t<section data-particle_enable=\"false\" data-particle-mobile-disabled=\"false\" class=\"elementor-section elementor-top-section elementor-element elementor-element-f2f3f17 elementor-section-boxed elementor-section-height-default elementor-section-height-default exad-glass-effect-no exad-sticky-section-no\" data-id=\"f2f3f17\" data-element_type=\"section\">\n\t\t\t\t\t\t<div class=\"elementor-container elementor-column-gap-default\">\n\t\t\t\t\t<div class=\"elementor-column elementor-col-50 elementor-top-column elementor-element elementor-element-42317df exad-glass-effect-no exad-sticky-section-no\" data-id=\"42317df\" data-element_type=\"column\">\n\t\t\t<div class=\"elementor-widget-wrap elementor-element-populated\">\n\t\t\t\t\t\t<div class=\"elementor-element elementor-element-04b2a9a exad-sticky-section-no exad-glass-effect-no elementor-widget elementor-widget-text-editor\" data-id=\"04b2a9a\" data-element_type=\"widget\" data-widget_type=\"text-editor.default\">\n\t\t\t\t<div class=\"elementor-widget-container\">\n\t\t\t\t\t\t\t\t\t<p>La banni\u00e8re de la paix<\/p><p>La reconnaissance<\/p><p>Relations exobiologiques<\/p><p>L\u2019iconographie cosmique<\/p><p>\u00a0<\/p><p>Le pavillon de la conf\u00e9d\u00e9ration\u00a0<\/p><p>L\u2019appartenance \u00e0 la Conf\u00e9d\u00e9ration\u00a0<\/p><p>Une mission d\u2019importance pour Exovision\u00a0<\/p><p>\u00a0<\/p><p>Planter le drapeau\u00a0<\/p><p>Le rem\u00e8de cosmique\u00a0<\/p><p>Signe de paix et de fraternit\u00e9\u00a0<\/p><p>\u00a0<\/p><p>Un rassemblement de la lumi\u00e8re\u00a0<\/p><p>Par l\u2019acceptation intrication\u00a0<\/p><p>Un point de ralliement\u00a0<\/p><p>La Conf\u00e9d\u00e9ration Galactique et la banni\u00e8re de la paix<\/p><p>\u00a0<\/p><p>Par les trois points coll\u00e9s, \u00e9merge l\u2019unit\u00e9<\/p><p>Exovision, l\u2019appel aux nations des \u00e9toiles<\/p><p>\u00a0<\/p><p>Mettre du sens en forme pens\u00e9e et mat\u00e9rialit\u00e9<\/p><p>Le cercle et les trois points coll\u00e9s, la paix dans l\u2019univers<\/p>\t\t\t\t\t\t\t\t<\/div>\n\t\t\t\t<\/div>\n\t\t\t\t\t<\/div>\n\t\t<\/div>\n\t\t\t\t<div class=\"elementor-column elementor-col-50 elementor-top-column elementor-element elementor-element-6848ef3 exad-glass-effect-no exad-sticky-section-no\" data-id=\"6848ef3\" data-element_type=\"column\">\n\t\t\t<div class=\"elementor-widget-wrap elementor-element-populated\">\n\t\t\t\t\t\t<div class=\"elementor-element elementor-element-bf1d5ee exad-sticky-section-no exad-glass-effect-no elementor-widget elementor-widget-text-editor\" data-id=\"bf1d5ee\" data-element_type=\"widget\" data-widget_type=\"text-editor.default\">\n\t\t\t\t<div class=\"elementor-widget-container\">\n\t\t\t\t\t\t\t\t\t<p><strong>153 \/ 333<\/strong><\/p><p><strong>153<\/strong><\/p><p><strong>333<\/strong><\/p><p><strong>333<\/strong><\/p><p>\u00a0<\/p><p><strong>269 \/ 460<\/strong><\/p><p><strong>269<\/strong><\/p><p><strong>460<\/strong><\/p><p>\u00a0<\/p><p><strong>169 \/ 263<\/strong><\/p><p><strong>169 \/ 263<\/strong><\/p><p><strong>263<\/strong><\/p><p>\u00a0<\/p><p><strong>286 \/ 416<\/strong><\/p><p><strong>286 \/ 416<\/strong><\/p><p><strong>286<\/strong><\/p><p><strong>416<\/strong><\/p><p>\u00a0<\/p><p><strong>445 \/ 500<\/strong><\/p><p><strong>445 \/ 500<\/strong><\/p><p>\u00a0<\/p><p><strong>585<\/strong><\/p><p><strong>585<\/strong><\/p>\t\t\t\t\t\t\t\t<\/div>\n\t\t\t\t<\/div>\n\t\t\t\t\t<\/div>\n\t\t<\/div>\n\t\t\t\t\t<\/div>\n\t\t<\/section>\n\t\t\t\t<section data-particle_enable=\"false\" data-particle-mobile-disabled=\"false\" class=\"elementor-section elementor-top-section elementor-element elementor-element-8619907 elementor-section-boxed elementor-section-height-default elementor-section-height-default exad-glass-effect-no exad-sticky-section-no\" data-id=\"8619907\" data-element_type=\"section\">\n\t\t\t\t\t\t<div class=\"elementor-container elementor-column-gap-default\">\n\t\t\t\t\t<div class=\"elementor-column elementor-col-100 elementor-top-column elementor-element elementor-element-59e1488 exad-glass-effect-no exad-sticky-section-no\" data-id=\"59e1488\" data-element_type=\"column\">\n\t\t\t<div class=\"elementor-widget-wrap elementor-element-populated\">\n\t\t\t\t\t\t<div class=\"elementor-element elementor-element-4c62032 exad-sticky-section-no exad-glass-effect-no elementor-widget elementor-widget-text-editor\" data-id=\"4c62032\" data-element_type=\"widget\" data-widget_type=\"text-editor.default\">\n\t\t\t\t<div class=\"elementor-widget-container\">\n\t\t\t\t\t\t\t\t\t<p><strong>Que la Paz reine en la Tierra y en el Universo<\/strong> no s\u00f3lo es una frase que rima por s\u00ed sola, sino que su valor de gematr\u00eda en Alfa y Omega es una imagen especular perfecta de un valor que simboliza el cambio (el 5).<\/p><p>En el cambio de paradigma actual, puedes ver que si sumas 575, llega a 17 (la estrella, Q) y el total 505+575 llega a 27, el alma del mundo seg\u00fan Plat\u00f3n.<\/p><p>\u00a1Se\u00f1ales poderosas y alentadoras para esta hermosa operaci\u00f3n de luz!\u00a0<\/p>\t\t\t\t\t\t\t\t<\/div>\n\t\t\t\t<\/div>\n\t\t\t\t\t<\/div>\n\t\t<\/div>\n\t\t\t\t\t<\/div>\n\t\t<\/section>\n\t\t\t\t<section data-particle_enable=\"false\" data-particle-mobile-disabled=\"false\" class=\"elementor-section elementor-top-section elementor-element elementor-element-d84f3b6 elementor-section-boxed elementor-section-height-default elementor-section-height-default exad-glass-effect-no exad-sticky-section-no\" data-id=\"d84f3b6\" data-element_type=\"section\">\n\t\t\t\t\t\t<div class=\"elementor-container elementor-column-gap-default\">\n\t\t\t\t\t<div class=\"elementor-column elementor-col-100 elementor-top-column elementor-element elementor-element-048ad39 exad-glass-effect-no exad-sticky-section-no\" data-id=\"048ad39\" data-element_type=\"column\">\n\t\t\t<div class=\"elementor-widget-wrap elementor-element-populated\">\n\t\t\t\t\t\t<div class=\"elementor-element elementor-element-4b1a572 exad-sticky-section-no exad-glass-effect-no elementor-widget elementor-widget-text-editor\" data-id=\"4b1a572\" data-element_type=\"widget\" data-widget_type=\"text-editor.default\">\n\t\t\t\t<div class=\"elementor-widget-container\">\n\t\t\t\t\t\t\t\t\t<p><strong>Que la Paix pr\u00e9vale sur la Terre et dans l\u2019Univers\u00a0 505 \/ 575<\/strong><\/p>\t\t\t\t\t\t\t\t<\/div>\n\t\t\t\t<\/div>\n\t\t\t\t\t<\/div>\n\t\t<\/div>\n\t\t\t\t\t<\/div>\n\t\t<\/section>\n\t\t\t\t<section data-particle_enable=\"false\" data-particle-mobile-disabled=\"false\" class=\"elementor-section elementor-top-section elementor-element elementor-element-9091aac elementor-section-boxed elementor-section-height-default elementor-section-height-default exad-glass-effect-no exad-sticky-section-no\" data-id=\"9091aac\" data-element_type=\"section\">\n\t\t\t\t\t\t<div class=\"elementor-container elementor-column-gap-default\">\n\t\t\t\t\t<div class=\"elementor-column elementor-col-100 elementor-top-column elementor-element elementor-element-6626e39 exad-glass-effect-no exad-sticky-section-no\" data-id=\"6626e39\" data-element_type=\"column\">\n\t\t\t<div class=\"elementor-widget-wrap elementor-element-populated\">\n\t\t\t\t\t\t<div class=\"elementor-element elementor-element-abd51cb exad-sticky-section-no exad-glass-effect-no elementor-widget elementor-widget-text-editor\" data-id=\"abd51cb\" data-element_type=\"widget\" data-widget_type=\"text-editor.default\">\n\t\t\t\t<div class=\"elementor-widget-container\">\n\t\t\t\t\t\t\t\t\t<p><span style=\"text-decoration: underline;\"><strong>Un poco de Gematr\u00eda en torno a esta significativa frase<\/strong><\/span><\/p>\t\t\t\t\t\t\t\t<\/div>\n\t\t\t\t<\/div>\n\t\t\t\t\t<\/div>\n\t\t<\/div>\n\t\t\t\t\t<\/div>\n\t\t<\/section>\n\t\t\t\t<section data-particle_enable=\"false\" data-particle-mobile-disabled=\"false\" class=\"elementor-section elementor-top-section elementor-element elementor-element-8f99328 elementor-section-boxed elementor-section-height-default elementor-section-height-default exad-glass-effect-no exad-sticky-section-no\" data-id=\"8f99328\" data-element_type=\"section\">\n\t\t\t\t\t\t<div class=\"elementor-container elementor-column-gap-default\">\n\t\t\t\t\t<div class=\"elementor-column elementor-col-50 elementor-top-column elementor-element elementor-element-8207914 exad-glass-effect-no exad-sticky-section-no\" data-id=\"8207914\" data-element_type=\"column\">\n\t\t\t<div class=\"elementor-widget-wrap elementor-element-populated\">\n\t\t\t\t\t\t<div class=\"elementor-element elementor-element-1d9dd24 exad-sticky-section-no exad-glass-effect-no elementor-widget elementor-widget-text-editor\" data-id=\"1d9dd24\" data-element_type=\"widget\" data-widget_type=\"text-editor.default\">\n\t\t\t\t<div class=\"elementor-widget-container\">\n\t\t\t\t\t\t\t\t\t<p>Les plan\u00e8tes jumelles sur un autre espace temps\u00a0<\/p><p>Comment signifier ma pr\u00e9sence au vaisseau<\/p><p>La collaboration dans l\u2019unit\u00e9 plan\u00e9taire<\/p>\t\t\t\t\t\t\t\t<\/div>\n\t\t\t\t<\/div>\n\t\t\t\t\t<\/div>\n\t\t<\/div>\n\t\t\t\t<div class=\"elementor-column elementor-col-50 elementor-top-column elementor-element elementor-element-c5ecec7 exad-glass-effect-no exad-sticky-section-no\" data-id=\"c5ecec7\" data-element_type=\"column\">\n\t\t\t<div class=\"elementor-widget-wrap elementor-element-populated\">\n\t\t\t\t\t\t<div class=\"elementor-element elementor-element-4720312 exad-sticky-section-no exad-glass-effect-no elementor-widget elementor-widget-text-editor\" data-id=\"4720312\" data-element_type=\"widget\" data-widget_type=\"text-editor.default\">\n\t\t\t\t<div class=\"elementor-widget-container\">\n\t\t\t\t\t\t\t\t\t<p><strong>505 \/ 575<\/strong><\/p><p><strong>575<\/strong><\/p><p><strong>575<\/strong><\/p>\t\t\t\t\t\t\t\t<\/div>\n\t\t\t\t<\/div>\n\t\t\t\t\t<\/div>\n\t\t<\/div>\n\t\t\t\t\t<\/div>\n\t\t<\/section>\n\t\t\t\t<section data-particle_enable=\"false\" data-particle-mobile-disabled=\"false\" class=\"elementor-section elementor-top-section elementor-element elementor-element-9946c1c elementor-section-boxed elementor-section-height-default elementor-section-height-default exad-glass-effect-no exad-sticky-section-no\" data-id=\"9946c1c\" data-element_type=\"section\">\n\t\t\t\t\t\t<div class=\"elementor-container elementor-column-gap-default\">\n\t\t\t\t\t<div class=\"elementor-column elementor-col-100 elementor-top-column elementor-element elementor-element-4065f1b exad-glass-effect-no exad-sticky-section-no\" data-id=\"4065f1b\" data-element_type=\"column\">\n\t\t\t<div class=\"elementor-widget-wrap elementor-element-populated\">\n\t\t\t\t\t\t<div class=\"elementor-element elementor-element-a0a7eb1 elementor-widget-divider--separator-type-pattern elementor-widget-divider--no-spacing elementor-widget-divider--view-line exad-sticky-section-no exad-glass-effect-no elementor-widget elementor-widget-divider\" data-id=\"a0a7eb1\" data-element_type=\"widget\" data-widget_type=\"divider.default\">\n\t\t\t\t<div class=\"elementor-widget-container\">\n\t\t\t\t\t\t\t<div class=\"elementor-divider\" style=\"--divider-pattern-url: url(&quot;data:image\/svg+xml,%3Csvg xmlns=&#039;http:\/\/www.w3.org\/2000\/svg&#039; preserveAspectRatio=&#039;xMidYMid meet&#039; overflow=&#039;visible&#039; height=&#039;100%&#039; viewBox=&#039;0 0 126 26&#039; fill=&#039;black&#039; stroke=&#039;none&#039;%3E%3Cpath d=&#039;M3,10.2c2.6,0,2.6,2,2.6,3.2S4.4,16.5,3,16.5s-3-1.4-3-3.2S0.4,10.2,3,10.2z M18.8,10.2c1.7,0,3.2,1.4,3.2,3.2s-1.4,3.2-3.2,3.2c-1.7,0-3.2-1.4-3.2-3.2S17,10.2,18.8,10.2z M34.6,10.2c1.5,0,2.6,1.4,2.6,3.2s-0.5,3.2-1.9,3.2c-1.5,0-3.4-1.4-3.4-3.2S33.1,10.2,34.6,10.2z M50.5,10.2c1.7,0,3.2,1.4,3.2,3.2s-1.4,3.2-3.2,3.2c-1.7,0-3.3-0.9-3.3-2.6S48.7,10.2,50.5,10.2z M66.2,10.2c1.5,0,3.4,1.4,3.4,3.2s-1.9,3.2-3.4,3.2c-1.5,0-2.6-0.4-2.6-2.1S64.8,10.2,66.2,10.2z M82.2,10.2c1.7,0.8,2.6,1.4,2.6,3.2s-0.1,3.2-1.6,3.2c-1.5,0-3.7-1.4-3.7-3.2S80.5,9.4,82.2,10.2zM98.6,10.2c1.5,0,2.6,0.4,2.6,2.1s-1.2,4.2-2.6,4.2c-1.5,0-3.7-0.4-3.7-2.1S97.1,10.2,98.6,10.2z M113.4,10.2c1.2,0,2.2,0.9,2.2,3.2s-0.1,3.2-1.3,3.2s-3.1-1.4-3.1-3.2S112.2,10.2,113.4,10.2z&#039;\/%3E%3C\/svg%3E&quot;);\">\n\t\t\t<span class=\"elementor-divider-separator\">\n\t\t\t\t\t\t<\/span>\n\t\t<\/div>\n\t\t\t\t\t\t<\/div>\n\t\t\t\t<\/div>\n\t\t\t\t\t<\/div>\n\t\t<\/div>\n\t\t\t\t\t<\/div>\n\t\t<\/section>\n\t\t\t\t<section data-particle_enable=\"false\" data-particle-mobile-disabled=\"false\" class=\"elementor-section elementor-top-section elementor-element elementor-element-9013b21 elementor-section-boxed elementor-section-height-default elementor-section-height-default exad-glass-effect-no exad-sticky-section-no\" data-id=\"9013b21\" data-element_type=\"section\">\n\t\t\t\t\t\t<div class=\"elementor-container elementor-column-gap-default\">\n\t\t\t\t\t<div class=\"elementor-column elementor-col-100 elementor-top-column elementor-element elementor-element-d737dcf exad-glass-effect-no exad-sticky-section-no\" data-id=\"d737dcf\" data-element_type=\"column\">\n\t\t\t<div class=\"elementor-widget-wrap elementor-element-populated\">\n\t\t\t\t\t\t<div class=\"elementor-element elementor-element-3f5c7ae exad-sticky-section-no exad-glass-effect-no elementor-widget elementor-widget-text-editor\" data-id=\"3f5c7ae\" data-element_type=\"widget\" data-widget_type=\"text-editor.default\">\n\t\t\t\t<div class=\"elementor-widget-container\">\n\t\t\t\t\t\t\t\t\t<p>Esto tambi\u00e9n se confirm\u00f3 durante la operaci\u00f3n Exovision \/ Monte Blanco en Alta Saboya, donde este s\u00edmbolo apareci\u00f3 en el cielo.<\/p>\t\t\t\t\t\t\t\t<\/div>\n\t\t\t\t<\/div>\n\t\t\t\t\t<\/div>\n\t\t<\/div>\n\t\t\t\t\t<\/div>\n\t\t<\/section>\n\t\t\t\t<section data-particle_enable=\"false\" data-particle-mobile-disabled=\"false\" class=\"elementor-section elementor-top-section elementor-element elementor-element-a27a56f elementor-section-boxed elementor-section-height-default elementor-section-height-default exad-glass-effect-no exad-sticky-section-no elementor-invisible\" data-id=\"a27a56f\" data-element_type=\"section\" data-settings=\"{&quot;animation&quot;:&quot;zoomIn&quot;}\">\n\t\t\t\t\t\t<div class=\"elementor-container elementor-column-gap-default\">\n\t\t\t\t\t<div class=\"elementor-column elementor-col-100 elementor-top-column elementor-element elementor-element-35b4ace exad-glass-effect-no exad-sticky-section-no\" data-id=\"35b4ace\" data-element_type=\"column\">\n\t\t\t<div class=\"elementor-widget-wrap elementor-element-populated\">\n\t\t\t\t\t\t<div class=\"elementor-element elementor-element-0e6eaa8 exad-sticky-section-no exad-glass-effect-no elementor-widget elementor-widget-image\" data-id=\"0e6eaa8\" data-element_type=\"widget\" data-widget_type=\"image.default\">\n\t\t\t\t<div class=\"elementor-widget-container\">\n\t\t\t\t\t\t\t\t\t\t\t\t\t\t\t<img loading=\"lazy\" decoding=\"async\" width=\"406\" height=\"207\" src=\"https:\/\/www.alliances-celestes.com\/wp-content\/uploads\/2022\/10\/Agrandissement-photo-avec-les-3-points.jpg\" class=\"attachment-large size-large wp-image-4119\" alt=\"\" srcset=\"https:\/\/www.alliances-celestes.com\/wp-content\/uploads\/2022\/10\/Agrandissement-photo-avec-les-3-points.jpg 406w, https:\/\/www.alliances-celestes.com\/wp-content\/uploads\/2022\/10\/Agrandissement-photo-avec-les-3-points-300x153.jpg 300w, https:\/\/www.alliances-celestes.com\/wp-content\/uploads\/2022\/10\/Agrandissement-photo-avec-les-3-points-18x9.jpg 18w, https:\/\/www.alliances-celestes.com\/wp-content\/uploads\/2022\/10\/Agrandissement-photo-avec-les-3-points-100x51.jpg 100w\" sizes=\"(max-width: 406px) 100vw, 406px\" \/>\t\t\t\t\t\t\t\t\t\t\t\t\t\t\t<\/div>\n\t\t\t\t<\/div>\n\t\t\t\t\t<\/div>\n\t\t<\/div>\n\t\t\t\t\t<\/div>\n\t\t<\/section>\n\t\t\t\t<section data-particle_enable=\"false\" data-particle-mobile-disabled=\"false\" class=\"elementor-section elementor-top-section elementor-element elementor-element-fb36356 elementor-section-boxed elementor-section-height-default elementor-section-height-default exad-glass-effect-no exad-sticky-section-no\" data-id=\"fb36356\" data-element_type=\"section\">\n\t\t\t\t\t\t<div class=\"elementor-container elementor-column-gap-default\">\n\t\t\t\t\t<div class=\"elementor-column elementor-col-100 elementor-top-column elementor-element elementor-element-93c9f0f exad-glass-effect-no exad-sticky-section-no\" data-id=\"93c9f0f\" data-element_type=\"column\">\n\t\t\t<div class=\"elementor-widget-wrap elementor-element-populated\">\n\t\t\t\t\t\t<div class=\"elementor-element elementor-element-3c0925c exad-sticky-section-no exad-glass-effect-no elementor-widget elementor-widget-text-editor\" data-id=\"3c0925c\" data-element_type=\"widget\" data-widget_type=\"text-editor.default\">\n\t\t\t\t<div class=\"elementor-widget-container\">\n\t\t\t\t\t\t\t\t\t<p>Para los interesados, he aqu\u00ed un enlace a un v\u00eddeo que presenta los diferentes cuadros realizados por Nicolas Roerich.<\/p>\t\t\t\t\t\t\t\t<\/div>\n\t\t\t\t<\/div>\n\t\t\t\t\t<\/div>\n\t\t<\/div>\n\t\t\t\t\t<\/div>\n\t\t<\/section>\n\t\t\t\t<section data-particle_enable=\"false\" data-particle-mobile-disabled=\"false\" class=\"elementor-section elementor-top-section elementor-element elementor-element-68521d0 elementor-section-boxed elementor-section-height-default elementor-section-height-default exad-glass-effect-no exad-sticky-section-no\" data-id=\"68521d0\" data-element_type=\"section\">\n\t\t\t\t\t\t<div class=\"elementor-container elementor-column-gap-default\">\n\t\t\t\t\t<div class=\"elementor-column elementor-col-100 elementor-top-column elementor-element elementor-element-c0f00a3 exad-glass-effect-no exad-sticky-section-no\" data-id=\"c0f00a3\" data-element_type=\"column\">\n\t\t\t<div class=\"elementor-widget-wrap elementor-element-populated\">\n\t\t\t\t\t\t<div class=\"elementor-element elementor-element-9467758 exad-sticky-section-no exad-glass-effect-no elementor-widget elementor-widget-video\" data-id=\"9467758\" data-element_type=\"widget\" data-settings=\"{&quot;youtube_url&quot;:&quot;https:\\\/\\\/www.youtube.com\\\/watch?v=kT6xbvZJKxY&quot;,&quot;video_type&quot;:&quot;youtube&quot;,&quot;controls&quot;:&quot;yes&quot;}\" data-widget_type=\"video.default\">\n\t\t\t\t<div class=\"elementor-widget-container\">\n\t\t\t\t\t\t\t<div class=\"elementor-wrapper elementor-open-inline\">\n\t\t\t<div class=\"elementor-video\"><\/div>\t\t<\/div>\n\t\t\t\t\t\t<\/div>\n\t\t\t\t<\/div>\n\t\t\t\t\t<\/div>\n\t\t<\/div>\n\t\t\t\t\t<\/div>\n\t\t<\/section>\n\t\t\t\t<section data-particle_enable=\"false\" data-particle-mobile-disabled=\"false\" class=\"elementor-section elementor-top-section elementor-element elementor-element-221bf747 elementor-section-boxed elementor-section-height-default elementor-section-height-default exad-glass-effect-no exad-sticky-section-no elementor-invisible\" data-id=\"221bf747\" data-element_type=\"section\" data-settings=\"{&quot;animation&quot;:&quot;jello&quot;}\">\n\t\t\t\t\t\t<div class=\"elementor-container elementor-column-gap-default\">\n\t\t\t\t\t<div class=\"elementor-column elementor-col-100 elementor-top-column elementor-element elementor-element-7602e795 exad-glass-effect-no exad-sticky-section-no\" data-id=\"7602e795\" data-element_type=\"column\">\n\t\t\t<div class=\"elementor-widget-wrap elementor-element-populated\">\n\t\t\t\t\t\t<div class=\"elementor-element elementor-element-c44c41b elementor-shape-rounded elementor-grid-0 e-grid-align-center exad-sticky-section-no exad-glass-effect-no elementor-invisible elementor-widget elementor-widget-social-icons\" data-id=\"c44c41b\" data-element_type=\"widget\" data-settings=\"{&quot;_animation&quot;:&quot;jello&quot;}\" data-widget_type=\"social-icons.default\">\n\t\t\t\t<div class=\"elementor-widget-container\">\n\t\t\t\t\t\t\t<div class=\"elementor-social-icons-wrapper elementor-grid\" role=\"list\">\n\t\t\t\t\t\t\t<span class=\"elementor-grid-item\" role=\"listitem\">\n\t\t\t\t\t<a class=\"elementor-icon elementor-social-icon elementor-social-icon-vk elementor-repeater-item-e04460e\" href=\"https:\/\/vk.com\/alliancescelestesfrance?t2fs=cc6d483210c9e3de94_2\" target=\"_blank\">\n\t\t\t\t\t\t<span class=\"elementor-screen-only\">Vk<\/span>\n\t\t\t\t\t\t<i class=\"fab fa-vk\"><\/i>\t\t\t\t\t<\/a>\n\t\t\t\t<\/span>\n\t\t\t\t\t\t\t<span class=\"elementor-grid-item\" role=\"listitem\">\n\t\t\t\t\t<a class=\"elementor-icon elementor-social-icon elementor-social-icon-youtube elementor-repeater-item-1317724\" href=\"https:\/\/www.youtube.com\/channel\/UCNyhu9pHPOlLZO_WeNn26Tw\" target=\"_blank\">\n\t\t\t\t\t\t<span class=\"elementor-screen-only\">Youtube<\/span>\n\t\t\t\t\t\t<i class=\"fab fa-youtube\"><\/i>\t\t\t\t\t<\/a>\n\t\t\t\t<\/span>\n\t\t\t\t\t<\/div>\n\t\t\t\t\t\t<\/div>\n\t\t\t\t<\/div>\n\t\t\t\t\t<\/div>\n\t\t<\/div>\n\t\t\t\t\t<\/div>\n\t\t<\/section>\n\t\t\t\t<\/div>","protected":false},"excerpt":{"rendered":"<p>Vk Youtube A.C.F. Ambassades de Paix GRANDE OP\u00c9RATION AMBASSADES DE PAIX ! La QSF (Quantum Spiritual Force), \u00e0 travers l&rsquo;ONG Alliances C\u00e9lestes et sa d\u00e9l\u00e9gation EXOVISION,\u00a0lancent une op\u00e9ration de Paix<a href=\"https:\/\/www.alliances-celestes.com\/es\/vision-humanitaire\/banniere-de-la-paix\/\" class=\"more-link\"><span class=\"more-button\">Seguir leyendo<span class=\"screen-reader-text\">Bandera de la Paz<\/span><\/span><\/a><\/p>","protected":false},"author":2,"featured_media":0,"parent":13805,"menu_order":0,"comment_status":"closed","ping_status":"closed","template":"elementor_header_footer","meta":{"footnotes":""},"class_list":["post-4063","page","type-page","status-publish","hentry"],"_links":{"self":[{"href":"https:\/\/www.alliances-celestes.com\/es\/wp-json\/wp\/v2\/pages\/4063","targetHints":{"allow":["GET"]}}],"collection":[{"href":"https:\/\/www.alliances-celestes.com\/es\/wp-json\/wp\/v2\/pages"}],"about":[{"href":"https:\/\/www.alliances-celestes.com\/es\/wp-json\/wp\/v2\/types\/page"}],"author":[{"embeddable":true,"href":"https:\/\/www.alliances-celestes.com\/es\/wp-json\/wp\/v2\/users\/2"}],"replies":[{"embeddable":true,"href":"https:\/\/www.alliances-celestes.com\/es\/wp-json\/wp\/v2\/comments?post=4063"}],"version-history":[{"count":0,"href":"https:\/\/www.alliances-celestes.com\/es\/wp-json\/wp\/v2\/pages\/4063\/revisions"}],"up":[{"embeddable":true,"href":"https:\/\/www.alliances-celestes.com\/es\/wp-json\/wp\/v2\/pages\/13805"}],"wp:attachment":[{"href":"https:\/\/www.alliances-celestes.com\/es\/wp-json\/wp\/v2\/media?parent=4063"}],"curies":[{"name":"wp","href":"https:\/\/api.w.org\/{rel}","templated":true}]}}