{"id":7663,"date":"2023-03-22T15:09:53","date_gmt":"2023-03-22T14:09:53","guid":{"rendered":"https:\/\/www.alliances-celestes.com\/?post_type=mec-events&#038;p=7663"},"modified":"2023-03-22T15:09:53","modified_gmt":"2023-03-22T14:09:53","slug":"sorties-451-420-696-973-698-943-699-295-471-570-404-391-115-648-281-223-437-251-959","status":"publish","type":"mec-events","link":"https:\/\/www.alliances-celestes.com\/es\/events\/sorties-451-420-696-973-698-943-699-295-471-570-404-391-115-648-281-223-437-251-959\/","title":{"rendered":"Sortie Terrain \u2013  terre 3 \u2013 ARLES"},"content":{"rendered":"<p><img fetchpriority=\"high\" decoding=\"async\" class=\"size-medium wp-image-1984 aligncenter\" src=\"https:\/\/www.alliances-celestes.com\/wp-content\/uploads\/2022\/03\/QMF-2-300x300.png\" alt=\"\" width=\"300\" height=\"300\" srcset=\"https:\/\/www.alliances-celestes.com\/wp-content\/uploads\/2022\/03\/QMF-2-300x300.png 300w, https:\/\/www.alliances-celestes.com\/wp-content\/uploads\/2022\/03\/QMF-2-100x100.png 100w, https:\/\/www.alliances-celestes.com\/wp-content\/uploads\/2022\/03\/QMF-2-600x600.png 600w, https:\/\/www.alliances-celestes.com\/wp-content\/uploads\/2022\/03\/QMF-2-150x150.png 150w, https:\/\/www.alliances-celestes.com\/wp-content\/uploads\/2022\/03\/QMF-2-768x768.png 768w, https:\/\/www.alliances-celestes.com\/wp-content\/uploads\/2022\/03\/QMF-2-1024x1024.png 1024w, https:\/\/www.alliances-celestes.com\/wp-content\/uploads\/2022\/03\/QMF-2-500x500.png 500w, https:\/\/www.alliances-celestes.com\/wp-content\/uploads\/2022\/03\/QMF-2-1536x1536.png 1536w, https:\/\/www.alliances-celestes.com\/wp-content\/uploads\/2022\/03\/QMF-2-12x12.png 12w, https:\/\/www.alliances-celestes.com\/wp-content\/uploads\/2022\/03\/QMF-2-480x480.png 480w, https:\/\/www.alliances-celestes.com\/wp-content\/uploads\/2022\/03\/QMF-2-592x592.png 592w, https:\/\/www.alliances-celestes.com\/wp-content\/uploads\/2022\/03\/QMF-2-240x240.png 240w, https:\/\/www.alliances-celestes.com\/wp-content\/uploads\/2022\/03\/QMF-2.png 1700w\" sizes=\"(max-width: 300px) 100vw, 300px\" \/><\/p>\n<h2 align=\"center\"><i>ACTIVATION\u00a0 DE L\u2019\u00c9TOILE d&rsquo;ARLES<br \/>\n<\/i><\/h2>\n<h2 style=\"text-align: center;\"><i>LE SECRET DE LA CROIX DE RESSURECTION <\/i><\/h2>\n<h2 align=\"center\"><i>GRAN OPERATIVO PSICOENERG\u00c9TICO<\/i><\/h2>\n<h2 style=\"text-align: center;\" align=\"left\"><i>Ayuda a la regeneraci\u00f3n humana HRA a trav\u00e9s del programa EVEA GENES'YS <\/i><\/h2>\n<p align=\"left\"><i>\u00a0<\/i><\/p>\n<h5 style=\"text-align: left;\" align=\"left\">Rendez-vous entre 10 H 00 et 10H 30 sur la place devant la cathedrale saint Trophime d\u2019Arles .Pr\u00e9s de la mairie.<\/h5>\n<h5 style=\"text-align: left;\" align=\"left\">Apr\u00e9s-midi\u00a0:Le secret du val d\u2019enfer pres des Baux de Provenc<\/h5>\n<h5 style=\"text-align: left;\" align=\"left\">GRAN OPERATIVO PSICOENERG\u00c9TICO<\/h5>\n<h5 style=\"text-align: left;\" align=\"left\">Coordenadas para el encuentro con los celestes 11:00 y 18:00<\/h5>\n<h5 style=\"text-align: left;\" align=\"left\">4\u00a03 \u00b0 44 \u2018 55 \u2018\u2019 N 4 \u00b0 48\u2019 11\u2018\u2019 E<\/h5>\n<h5 style=\"text-align: left;\" align=\"left\">Horarios 11:00 y 18:00<\/h5>\n<h5 style=\"text-align: left;\" align=\"left\">Traiga mochila, calzado para caminar, almuerzo campestre y un cristal de cuarzo opcional.<\/h5>\n<h5 style=\"text-align: left;\" align=\"center\">Participation aux frais d\u2019animation\u00a0: 30 \u20ac par personne<\/h5>\n<h5 style=\"text-align: left;\" align=\"center\"><\/h5>\n<h5 style=\"text-align: left;\" align=\"center\"><\/h5>\n<p>&nbsp;<\/p>\n<h5 align=\"left\"><\/h5>\n<p>&nbsp;<\/p>\n<p>&nbsp;<\/p>\n<p style=\"text-align: center;\" align=\"left\"><a href=\"https:\/\/www.isa-vision.com\"><input id=\"boutondesign\" type=\"button\" value=\"M\u00e1s informaci\u00f3n\" \/><\/a><\/p>","protected":false},"excerpt":{"rendered":"<p>ACTIVATION\u00a0 DE L\u2019\u00c9TOILE d&rsquo;ARLES LE SECRET DE LA CROIX DE RESSURECTION GRAND OPERATIF PSYCHO-ENERGETIQUE Aide a la r\u00e9g\u00e9n\u00e9ration Humaine ARH via le programme EVEA GENES\u2019YS \u00a0 Rendez-vous entre 10 H<a href=\"https:\/\/www.alliances-celestes.com\/es\/events\/sorties-451-420-696-973-698-943-699-295-471-570-404-391-115-648-281-223-437-251-959\/\" class=\"more-link\"><span class=\"more-button\">Seguir leyendo<span class=\"screen-reader-text\">Sortie Terrain \u2013  terre 3 \u2013 ARLES<\/span><\/span><\/a><\/p>","protected":false},"author":2,"featured_media":0,"comment_status":"closed","ping_status":"closed","template":"","tags":[],"mec_category":[],"class_list":["post-7663","mec-events","type-mec-events","status-publish","hentry"],"_links":{"self":[{"href":"https:\/\/www.alliances-celestes.com\/es\/wp-json\/wp\/v2\/mec-events\/7663","targetHints":{"allow":["GET"]}}],"collection":[{"href":"https:\/\/www.alliances-celestes.com\/es\/wp-json\/wp\/v2\/mec-events"}],"about":[{"href":"https:\/\/www.alliances-celestes.com\/es\/wp-json\/wp\/v2\/types\/mec-events"}],"author":[{"embeddable":true,"href":"https:\/\/www.alliances-celestes.com\/es\/wp-json\/wp\/v2\/users\/2"}],"replies":[{"embeddable":true,"href":"https:\/\/www.alliances-celestes.com\/es\/wp-json\/wp\/v2\/comments?post=7663"}],"wp:attachment":[{"href":"https:\/\/www.alliances-celestes.com\/es\/wp-json\/wp\/v2\/media?parent=7663"}],"wp:term":[{"taxonomy":"post_tag","embeddable":true,"href":"https:\/\/www.alliances-celestes.com\/es\/wp-json\/wp\/v2\/tags?post=7663"},{"taxonomy":"mec_category","embeddable":true,"href":"https:\/\/www.alliances-celestes.com\/es\/wp-json\/wp\/v2\/mec_category?post=7663"}],"curies":[{"name":"wp","href":"https:\/\/api.w.org\/{rel}","templated":true}]}}