{"id":5545,"date":"2023-01-23T10:35:29","date_gmt":"2023-01-23T09:35:29","guid":{"rendered":"https:\/\/www.alliances-celestes.com\/?post_type=mec-events&#038;p=5545"},"modified":"2023-01-23T10:35:29","modified_gmt":"2023-01-23T09:35:29","slug":"avatar-guardians-academy-272-770-611-124-709-139-679-229-927","status":"publish","type":"mec-events","link":"https:\/\/www.alliances-celestes.com\/es\/events\/avatar-guardians-academy-272-770-611-124-709-139-679-229-927\/","title":{"rendered":"Formaci\u00f3n \"Actor de la Nueva Humanidad"},"content":{"rendered":"<p><img fetchpriority=\"high\" decoding=\"async\" class=\"wp-image-3977 aligncenter\" src=\"https:\/\/www.alliances-celestes.com\/wp-content\/uploads\/2022\/10\/Acteur-de-la-nouvelle-Humanite-300x214.jpg\" alt=\"\" width=\"430\" height=\"307\" srcset=\"https:\/\/www.alliances-celestes.com\/wp-content\/uploads\/2022\/10\/Acteur-de-la-nouvelle-Humanite-300x214.jpg 300w, https:\/\/www.alliances-celestes.com\/wp-content\/uploads\/2022\/10\/Acteur-de-la-nouvelle-Humanite-600x428.jpg 600w, https:\/\/www.alliances-celestes.com\/wp-content\/uploads\/2022\/10\/Acteur-de-la-nouvelle-Humanite-768x548.jpg 768w, https:\/\/www.alliances-celestes.com\/wp-content\/uploads\/2022\/10\/Acteur-de-la-nouvelle-Humanite-18x12.jpg 18w, https:\/\/www.alliances-celestes.com\/wp-content\/uploads\/2022\/10\/Acteur-de-la-nouvelle-Humanite-640x457.jpg 640w, https:\/\/www.alliances-celestes.com\/wp-content\/uploads\/2022\/10\/Acteur-de-la-nouvelle-Humanite-100x71.jpg 100w, https:\/\/www.alliances-celestes.com\/wp-content\/uploads\/2022\/10\/Acteur-de-la-nouvelle-Humanite.jpg 800w\" sizes=\"(max-width: 430px) 100vw, 430px\" \/><\/p>\n<h1 style=\"text-align: center;\"><strong>UN ACTOR DE LA NUEVA HUMANIDAD<\/strong><\/h1>\n<h4 style=\"text-align: center;\">Transici\u00f3n a densidades m\u00e1s altas<\/h4>\n<h6 style=\"text-align: center;\"><strong>Este curso de formaci\u00f3n de 3 d\u00edas le prepara para una mejor transici\u00f3n planetaria<\/strong><\/h6>\n<p>&nbsp;<\/p>\n<h5><strong>Extracto del programa\u00a0<\/strong><strong>:<\/strong><\/h5>\n<h5>Cette formation, avec un important travail dans l&rsquo;\u00e9nergie autant que l&rsquo;apport de compr\u00e9hensions, connaissances, et outils, permet de se calibrer pour vivre la transition vers les dimensions sup\u00e9rieures. Des donn\u00e9es sur l&rsquo;histoire de l&rsquo;humanit\u00e9, sur ce que vous \u00eates en tant qu&rsquo;\u00eatre humain, notamment au niveau des structures \u00e9nerg\u00e9tique et vibratoire&#8230; la possibilit\u00e9 de prendre votre place dans cette grande aventure humaine.<\/h5>\n<h5>Et pour aller plus loin, vous calibrer \u00e9nerg\u00e9tiquement et vibratoirement, et prendre votre dimension compl\u00e8te dans cette p\u00e9riode particuli\u00e8re pour vous ajuster pour l&rsquo;ascension.<\/h5>\n<p>&nbsp;<\/p>\n<h5 class=\"western\"><em><strong>Taller presencial en La Balme Sillingy (74)<\/strong><\/em><\/h5>\n<p>&nbsp;<\/p>\n<h5 class=\"western\"><em><strong>L&rsquo;atelier dure la journ\u00e9e. Pr\u00e9voir un repas froid pour le d\u00e9jeuner.<\/strong><\/em><\/h5>\n<h5 class=\"western\"><em><strong>D\u00eda 1: de 9.00 a 18.00 horas<\/strong><\/em><\/h5>\n<h5 class=\"western\"><em><strong>D\u00eda 2: de 8.30 a 18.00 horas<\/strong><\/em><\/h5>\n<h5 class=\"western\"><em><strong>D\u00eda 3: de 8.30 h. a 17.30 h.<\/strong><\/em><\/h5>\n<p>&nbsp;<\/p>\n<p style=\"text-align: center;\"><a href=\"https:\/\/valeriegidon.wordpress.com\/acteur-de-le-nouvelle-humanite\/\"><input id=\"boutondesign\" type=\"button\" value=\"Registro\" \/><\/a><\/p>","protected":false},"excerpt":{"rendered":"<p>ACTEUR DE LA NOUVELLE HUMANIT\u00c9 Vivre la transition vers les densit\u00e9s sup\u00e9rieures Cette formation de 3 jours permet de pr\u00e9parer votre \u00eatre \u00e0 une meilleure transition plan\u00e9taire \u00a0 Extrait du<a href=\"https:\/\/www.alliances-celestes.com\/es\/events\/avatar-guardians-academy-272-770-611-124-709-139-679-229-927\/\" class=\"more-link\"><span class=\"more-button\">Seguir leyendo<span class=\"screen-reader-text\">Formaci\u00f3n \"Actor de la Nueva Humanidad<\/span><\/span><\/a><\/p>","protected":false},"author":2,"featured_media":0,"comment_status":"closed","ping_status":"closed","template":"","tags":[],"mec_category":[],"class_list":["post-5545","mec-events","type-mec-events","status-publish","hentry"],"_links":{"self":[{"href":"https:\/\/www.alliances-celestes.com\/es\/wp-json\/wp\/v2\/mec-events\/5545","targetHints":{"allow":["GET"]}}],"collection":[{"href":"https:\/\/www.alliances-celestes.com\/es\/wp-json\/wp\/v2\/mec-events"}],"about":[{"href":"https:\/\/www.alliances-celestes.com\/es\/wp-json\/wp\/v2\/types\/mec-events"}],"author":[{"embeddable":true,"href":"https:\/\/www.alliances-celestes.com\/es\/wp-json\/wp\/v2\/users\/2"}],"replies":[{"embeddable":true,"href":"https:\/\/www.alliances-celestes.com\/es\/wp-json\/wp\/v2\/comments?post=5545"}],"wp:attachment":[{"href":"https:\/\/www.alliances-celestes.com\/es\/wp-json\/wp\/v2\/media?parent=5545"}],"wp:term":[{"taxonomy":"post_tag","embeddable":true,"href":"https:\/\/www.alliances-celestes.com\/es\/wp-json\/wp\/v2\/tags?post=5545"},{"taxonomy":"mec_category","embeddable":true,"href":"https:\/\/www.alliances-celestes.com\/es\/wp-json\/wp\/v2\/mec_category?post=5545"}],"curies":[{"name":"wp","href":"https:\/\/api.w.org\/{rel}","templated":true}]}}