{"id":2864,"date":"2022-04-13T16:37:35","date_gmt":"2022-04-13T14:37:35","guid":{"rendered":"https:\/\/www.alliances-celestes.com\/?post_type=mec-events&#038;p=2864"},"modified":"2022-04-13T17:50:08","modified_gmt":"2022-04-13T15:50:08","slug":"avatar-djedi-academy","status":"publish","type":"mec-events","link":"https:\/\/www.alliances-celestes.com\/es\/events\/avatar-djedi-academy\/","title":{"rendered":"Atelier AVATAR DJEDI ACADEMY"},"content":{"rendered":"<p><img fetchpriority=\"high\" decoding=\"async\" class=\"size-medium wp-image-1159 aligncenter\" src=\"https:\/\/www.alliances-celestes.com\/wp-content\/uploads\/2022\/03\/AVATAR-GUARDIANS-DJEDI-ACADEMY-300x300.png\" alt=\"\" width=\"300\" height=\"300\" srcset=\"https:\/\/www.alliances-celestes.com\/wp-content\/uploads\/2022\/03\/AVATAR-GUARDIANS-DJEDI-ACADEMY-300x300.png 300w, https:\/\/www.alliances-celestes.com\/wp-content\/uploads\/2022\/03\/AVATAR-GUARDIANS-DJEDI-ACADEMY-100x100.png 100w, https:\/\/www.alliances-celestes.com\/wp-content\/uploads\/2022\/03\/AVATAR-GUARDIANS-DJEDI-ACADEMY-600x600.png 600w, https:\/\/www.alliances-celestes.com\/wp-content\/uploads\/2022\/03\/AVATAR-GUARDIANS-DJEDI-ACADEMY-150x150.png 150w, https:\/\/www.alliances-celestes.com\/wp-content\/uploads\/2022\/03\/AVATAR-GUARDIANS-DJEDI-ACADEMY-768x768.png 768w, https:\/\/www.alliances-celestes.com\/wp-content\/uploads\/2022\/03\/AVATAR-GUARDIANS-DJEDI-ACADEMY-1024x1024.png 1024w, https:\/\/www.alliances-celestes.com\/wp-content\/uploads\/2022\/03\/AVATAR-GUARDIANS-DJEDI-ACADEMY-500x500.png 500w, https:\/\/www.alliances-celestes.com\/wp-content\/uploads\/2022\/03\/AVATAR-GUARDIANS-DJEDI-ACADEMY-1536x1536.png 1536w, https:\/\/www.alliances-celestes.com\/wp-content\/uploads\/2022\/03\/AVATAR-GUARDIANS-DJEDI-ACADEMY-2048x2048.png 2048w, https:\/\/www.alliances-celestes.com\/wp-content\/uploads\/2022\/03\/AVATAR-GUARDIANS-DJEDI-ACADEMY-12x12.png 12w, https:\/\/www.alliances-celestes.com\/wp-content\/uploads\/2022\/03\/AVATAR-GUARDIANS-DJEDI-ACADEMY-480x480.png 480w, https:\/\/www.alliances-celestes.com\/wp-content\/uploads\/2022\/03\/AVATAR-GUARDIANS-DJEDI-ACADEMY-592x592.png 592w, https:\/\/www.alliances-celestes.com\/wp-content\/uploads\/2022\/03\/AVATAR-GUARDIANS-DJEDI-ACADEMY-240x240.png 240w\" sizes=\"(max-width: 300px) 100vw, 300px\" \/><\/p>\n<h2 class=\"western\" align=\"center\"><strong>Un t\u00edtulo de caballero de\u00a0<\/strong><strong>la luz del siglo xxi<\/strong><\/h2>\n<p class=\"western\" align=\"center\"><strong>(T<\/strong><strong>Todos los seminarios de la Academia Zoom Djedi son diferentes pero se complementan entre s\u00ed.<\/strong><strong>)<\/strong><\/p>\n<h6 class=\"western\" align=\"left\"><strong>Una escuela inici\u00e1tica de luz para aprender a desarrollar la propia conciencia y\u00a0<\/strong><strong>facult\u00e9s spirituelles , pour participer activement a l\u2019installation d\u2019un nouveau monde.<\/strong><\/h6>\n<p class=\"western\" align=\"left\"><strong>L&rsquo;enseignement avanc\u00e9 de la nouvelle gu\u00e9matrie et les r\u00e9v\u00e9lations de la transition\u00a0<\/strong><strong>plan\u00e9taire 2020-2024.<\/strong><\/p>\n<p class=\"western\"><strong>So\u00f1ar y co-crear una realidad nueva y mejorada.<\/strong><\/p>\n<p class=\"western\"><strong>THEME\u00a0: En pr\u00e9paration<\/strong><\/p>\n<p class=\"western\"><strong>Une \u00e9cole initiatique d&rsquo;un nouveau genre ouverte a tous pour apprendre a devenir un\u00a0<\/strong><strong>Djedi ( seigneur de la Force), pour se pr\u00e9parer a bien vivre le grand changement de\u00a0<\/strong><strong>conciencia planetaria, y desempe\u00f1ar un papel activo en esta transici\u00f3n para uno mismo y para los dem\u00e1s ......<\/strong><\/p>\n<p class=\"western\"><strong>El dominio de la Fuerza Espiritual es una de las claves para liberar a la humanidad para su futuro.\u00a0<\/strong><strong>expansion dans l&rsquo;univers galactique .\u00a0<\/strong><\/p>\n<h5 class=\"western\"><em><strong>El taller dura todo el d\u00eda, desde las 10.30 hasta las 12.00 y las 12.30 horas, y se reanudar\u00e1 despu\u00e9s de la pausa para comer, de 14.00 a 18.00 y 18.30 horas.<\/strong><\/em><\/h5>\n<p style=\"text-align: center;\"><a href=\"https:\/\/www.isa-vision.com\/inscriptions-pour-la-participation-aux-ateliers-zoom-de-developpement-spirituel-virtuel-b92089.html\"><input id=\"boutondesign\" type=\"button\" value=\"Registro\" \/><\/a><\/p>","protected":false},"excerpt":{"rendered":"<p>Une chevalerie de\u00a0lumi\u00e8re du XXI\u00e8me si\u00e8cle (Tous les s\u00e9minaires Zoom Djedi Academy sont diff\u00e9rents mais se compl\u00e8tent) Une \u00e9cole initiatique de lumi\u00e8re pour apprendre a d\u00e9velopper sa conscience et ses\u00a0facult\u00e9s<a href=\"https:\/\/www.alliances-celestes.com\/es\/events\/avatar-djedi-academy\/\" class=\"more-link\"><span class=\"more-button\">Seguir leyendo<span class=\"screen-reader-text\">Atelier AVATAR DJEDI ACADEMY<\/span><\/span><\/a><\/p>","protected":false},"author":2,"featured_media":0,"comment_status":"closed","ping_status":"closed","template":"","tags":[],"mec_category":[],"class_list":["post-2864","mec-events","type-mec-events","status-publish","hentry"],"_links":{"self":[{"href":"https:\/\/www.alliances-celestes.com\/es\/wp-json\/wp\/v2\/mec-events\/2864","targetHints":{"allow":["GET"]}}],"collection":[{"href":"https:\/\/www.alliances-celestes.com\/es\/wp-json\/wp\/v2\/mec-events"}],"about":[{"href":"https:\/\/www.alliances-celestes.com\/es\/wp-json\/wp\/v2\/types\/mec-events"}],"author":[{"embeddable":true,"href":"https:\/\/www.alliances-celestes.com\/es\/wp-json\/wp\/v2\/users\/2"}],"replies":[{"embeddable":true,"href":"https:\/\/www.alliances-celestes.com\/es\/wp-json\/wp\/v2\/comments?post=2864"}],"wp:attachment":[{"href":"https:\/\/www.alliances-celestes.com\/es\/wp-json\/wp\/v2\/media?parent=2864"}],"wp:term":[{"taxonomy":"post_tag","embeddable":true,"href":"https:\/\/www.alliances-celestes.com\/es\/wp-json\/wp\/v2\/tags?post=2864"},{"taxonomy":"mec_category","embeddable":true,"href":"https:\/\/www.alliances-celestes.com\/es\/wp-json\/wp\/v2\/mec_category?post=2864"}],"curies":[{"name":"wp","href":"https:\/\/api.w.org\/{rel}","templated":true}]}}