{"id":13827,"date":"2025-12-08T21:20:25","date_gmt":"2025-12-08T20:20:25","guid":{"rendered":"https:\/\/www.alliances-celestes.com\/?post_type=mec-events&#038;p=13827"},"modified":"2025-12-08T21:20:25","modified_gmt":"2025-12-08T20:20:25","slug":"communaute-de-lanneau-sur-plateforme-zoom-4-722-305-224-301-678-262","status":"publish","type":"mec-events","link":"https:\/\/www.alliances-celestes.com\/es\/events\/communaute-de-lanneau-sur-plateforme-zoom-4-722-305-224-301-678-262\/","title":{"rendered":"LIVE Echanges Galactiques avec Canal Virgin"},"content":{"rendered":"<h2><img decoding=\"async\" class=\"aligncenter\" src=\"https:\/\/mail.proton.me\/api\/core\/v4\/images?Url=https%3A%2F%2Fimg.pix-a1-hosting.tech%2Fdata_user%2FhuNUym6E%2Fimg%2FphpGWnbG1.jpg&amp;DryRun=0&amp;UID=umzqlewkcib7dps2ydhnq2tbtysfpdh3\" \/><\/h2>\n<h2><\/h2>\n<h2 style=\"text-align: center\"><strong>CANAL DEPUIS DE NOMBREUSES ANN\u00c9ES ELLE VIENT D&rsquo;EDITER UN LIVRE\u00a0<\/strong><\/h2>\n<h2 style=\"text-align: center\"><strong>SUR LES GALACTIQUES<\/strong><\/h2>\n<h3 style=\"text-align: left\"><span style=\"color: #283593;font-family: Tahoma, Geneva, sans-serif\">\u00a0<\/span><\/h3>\n<h3 style=\"text-align: center\">Annick re\u00e7oit <strong>Canal Virgin <\/strong>pour parler de nos amis des \u00e9toiles autour de son livre fra\u00eechement publi\u00e9 : ORIGINE GALACTIQUE.<\/h3>\n<p>&nbsp;<\/p>\n<p>&nbsp;<\/p>\n<h3 style=\"text-align: center\"><\/h3>\n<h3 style=\"text-align: center\">\u00c0 travers des r\u00e9cits captivants, ce livre vous am\u00e8ne \u00e0 d\u00e9couvrir des plan\u00e8tes lointaines, des \u00eatres galactiques et des dimensions oubli\u00e9es o\u00f9 les \u00e2mes \u00e9voluent, accomplissent et diffusent leurs missions.<\/h3>\n<h3 style=\"text-align: center\"><\/h3>\n<p>&nbsp;<\/p>\n<p>&nbsp;<\/p>\n<h3 style=\"text-align: center\">Nous ferons <strong>plus ample connaissance avec Virginie<\/strong> qui anime la cha\u00eene Youtube CANAL VIRGIN et organise de nombreuses sorties sur le terrain dans le monde.<\/h3>\n<h3 style=\"text-align: center\"><\/h3>\n<p>&nbsp;<\/p>\n<p>&nbsp;<\/p>\n<h3 style=\"text-align: center\">Une belle occasion de <strong>se d\u00e9tendre et \u00e9changer \u00e0 propos des galactiques<\/strong> que Virginie canalise.<\/h3>\n<h3 style=\"text-align: center\"><\/h3>\n<p>&nbsp;<\/p>\n<p>&nbsp;<\/p>\n<h3 style=\"text-align: center\">Rejoignez-nous sur la\u00a0cha\u00eene Youtube Alliances C\u00e9lestes France\u00a0<strong>vendredi 12 d\u00e9cembre \u00e0 20h<\/strong><strong>\u00a0<\/strong>!<\/h3>\n<p>&nbsp;<\/p>\n<h3 style=\"text-align: center\">\u00a0<a href=\"https:\/\/lnk.pmlto-etao-3.ovh\/DeVJPqDxLr9mdkePAEuL5rxkAcqBi6GAM\/101108101110105097104064112114111116111110109097105108046099111109\/c43PL1600649\/document.html\" target=\"_blank\" rel=\"noreferrer nofollow noopener\">https:\/\/www.youtube.com\/watch?v=Nuw2LXatz54<\/a><\/h3>\n<p>&nbsp;<\/p>\n<h6 style=\"text-align: center\">Une activit\u00e9 cr\u00e9\u00e9e par la Quantum Spiritual Force pour Alliances C\u00e9lestes<\/h6>\n<p>&nbsp;<\/p>\n<h6 style=\"text-align: center\"><a href=\"https:\/\/quantum-qsf.com\/\"><img decoding=\"async\" class=\"alignnone wp-image-1983 aligncenter\" src=\"https:\/\/www.alliances-celestes.com\/wp-content\/uploads\/2022\/03\/QSF-1-300x300.png\" alt=\"\" width=\"107\" height=\"107\" srcset=\"https:\/\/www.alliances-celestes.com\/wp-content\/uploads\/2022\/03\/QSF-1-300x300.png 300w, https:\/\/www.alliances-celestes.com\/wp-content\/uploads\/2022\/03\/QSF-1-100x100.png 100w, https:\/\/www.alliances-celestes.com\/wp-content\/uploads\/2022\/03\/QSF-1-600x600.png 600w, https:\/\/www.alliances-celestes.com\/wp-content\/uploads\/2022\/03\/QSF-1-150x150.png 150w, https:\/\/www.alliances-celestes.com\/wp-content\/uploads\/2022\/03\/QSF-1-768x768.png 768w, https:\/\/www.alliances-celestes.com\/wp-content\/uploads\/2022\/03\/QSF-1-1024x1024.png 1024w, https:\/\/www.alliances-celestes.com\/wp-content\/uploads\/2022\/03\/QSF-1-500x500.png 500w, https:\/\/www.alliances-celestes.com\/wp-content\/uploads\/2022\/03\/QSF-1-1536x1536.png 1536w, https:\/\/www.alliances-celestes.com\/wp-content\/uploads\/2022\/03\/QSF-1-12x12.png 12w, https:\/\/www.alliances-celestes.com\/wp-content\/uploads\/2022\/03\/QSF-1-480x480.png 480w, https:\/\/www.alliances-celestes.com\/wp-content\/uploads\/2022\/03\/QSF-1-592x592.png 592w, https:\/\/www.alliances-celestes.com\/wp-content\/uploads\/2022\/03\/QSF-1-240x240.png 240w, https:\/\/www.alliances-celestes.com\/wp-content\/uploads\/2022\/03\/QSF-1.png 1700w\" sizes=\"(max-width: 107px) 100vw, 107px\" \/><\/a><\/h6>","protected":false},"excerpt":{"rendered":"<p>CANAL DEPUIS DE NOMBREUSES ANN\u00c9ES ELLE VIENT D&rsquo;EDITER UN LIVRE\u00a0 SUR LES GALACTIQUES \u00a0 Annick re\u00e7oit Canal Virgin pour parler de nos amis des \u00e9toiles autour de son livre fra\u00eechement<a href=\"https:\/\/www.alliances-celestes.com\/es\/events\/communaute-de-lanneau-sur-plateforme-zoom-4-722-305-224-301-678-262\/\" class=\"more-link\"><span class=\"more-button\">Seguir leyendo<span class=\"screen-reader-text\">LIVE Echanges Galactiques avec Canal Virgin<\/span><\/span><\/a><\/p>","protected":false},"author":39,"featured_media":0,"comment_status":"closed","ping_status":"closed","template":"","tags":[],"mec_category":[],"class_list":["post-13827","mec-events","type-mec-events","status-publish","hentry"],"_links":{"self":[{"href":"https:\/\/www.alliances-celestes.com\/es\/wp-json\/wp\/v2\/mec-events\/13827","targetHints":{"allow":["GET"]}}],"collection":[{"href":"https:\/\/www.alliances-celestes.com\/es\/wp-json\/wp\/v2\/mec-events"}],"about":[{"href":"https:\/\/www.alliances-celestes.com\/es\/wp-json\/wp\/v2\/types\/mec-events"}],"author":[{"embeddable":true,"href":"https:\/\/www.alliances-celestes.com\/es\/wp-json\/wp\/v2\/users\/39"}],"replies":[{"embeddable":true,"href":"https:\/\/www.alliances-celestes.com\/es\/wp-json\/wp\/v2\/comments?post=13827"}],"wp:attachment":[{"href":"https:\/\/www.alliances-celestes.com\/es\/wp-json\/wp\/v2\/media?parent=13827"}],"wp:term":[{"taxonomy":"post_tag","embeddable":true,"href":"https:\/\/www.alliances-celestes.com\/es\/wp-json\/wp\/v2\/tags?post=13827"},{"taxonomy":"mec_category","embeddable":true,"href":"https:\/\/www.alliances-celestes.com\/es\/wp-json\/wp\/v2\/mec_category?post=13827"}],"curies":[{"name":"wp","href":"https:\/\/api.w.org\/{rel}","templated":true}]}}