{"id":5166,"date":"2023-01-11T10:43:51","date_gmt":"2023-01-11T09:43:51","guid":{"rendered":"https:\/\/www.alliances-celestes.com\/?post_type=mec-events&#038;p=5166"},"modified":"2023-01-11T11:36:16","modified_gmt":"2023-01-11T10:36:16","slug":"seminaire-887-790-242-667-767-369","status":"publish","type":"mec-events","link":"https:\/\/www.alliances-celestes.com\/en\/events\/seminaire-887-790-242-667-767-369\/","title":{"rendered":"Spirituality workshop in Olli\u00e8res"},"content":{"rendered":"<p><img fetchpriority=\"high\" decoding=\"async\" class=\"size-medium wp-image-2878 aligncenter\" src=\"https:\/\/www.alliances-celestes.com\/wp-content\/uploads\/2022\/04\/Saint-Maximin-la-Sainte-Baume-300x180.jpg\" alt=\"\" width=\"500\" height=\"280\" \/><\/p>\n<h2 style=\"text-align: center;\"><strong>SPIRITUAL DEVELOPMENT SEMINAR<\/strong><\/h2>\n<h6 style=\"text-align: center;\"><strong>IN PERSON IN OLLIERES IN THE VAR<\/strong><\/h6>\n<p>&nbsp;<\/p>\n<h3 style=\"text-align: center;\"><strong>\u00ab Pr\u00e9paration au Grand \u00c9v\u00e9nement <\/strong><\/h3>\n<h3 style=\"text-align: center;\"><strong>et au projet Bouclier Ail\u00e9 de Dieu (GWS) \u00bb<\/strong><\/h3>\n<p>&nbsp;<\/p>\n<h5 style=\"text-align: center;\" align=\"justify\">Research in advanced and augmented spiritual sciences.<\/h5>\n<h5 style=\"text-align: center;\" align=\"justify\">Development of the new 2020-2024 spiritual development tools.<\/h5>\n<h5 style=\"text-align: center;\">Study of the universal celestial mission process.<\/h5>\n<h5 style=\"text-align: center;\">Study and implementation of GWS.<\/h5>\n<p>&nbsp;<\/p>\n<h5><strong>Nouveaux ateliers sp\u00e9ciaux et in\u00e9dits.<\/strong><\/h5>\n<p>&nbsp;<\/p>\n<h5 align=\"justify\"><i><strong>Si vous vous sentez l&rsquo;\u00e2me d&rsquo;un \u00ab\u00a0Aventurier de l&rsquo;Esprit\u00a0\u00bb, qui d\u00e9sire transformer cette crise mondiale en opportunit\u00e9 de croissance et de d\u00e9veloppement spirituel, alors ces ateliers sont faits pour vous.<\/strong><\/i><\/h5>\n<h5 align=\"justify\"><i><strong>L&rsquo;univers appelle au service et de belles d\u00e9couvertes sont programm\u00e9es pour les ann\u00e9es \u00e0 venir pour un<\/strong><\/i><i><strong>\u00a0futur lumineux .<\/strong><\/i><\/h5>\n<h5 align=\"justify\"><i><strong>Each workshop offers a different and complementary approach to teaching.<\/strong><\/i><\/h5>\n<p>&nbsp;<\/p>\n<h6 align=\"justify\"><i><u><strong>Location : Olli\u00e8res (83, Var)<\/strong><\/u><\/i><\/h6>\n<h6 align=\"left\"><em><strong>Registration (if new participant) :\u00a0<a>mariejosewallart@outlook.fr\u00a0<\/a>or 0667911452<\/strong><\/em><\/h6>\n<p>&nbsp;<\/p>\n<p style=\"text-align: center;\"><a href=\"\/en\/mariejosewallart@outlook.fr\/\"><input id=\"boutondesign\" type=\"button\" value=\"Sign up\" \/><\/a><\/p>","protected":false},"excerpt":{"rendered":"<p>S\u00c9MINAIRE DE D\u00c9VELOPPEMENT SPIRITUEL EN PR\u00c9SENTIEL A OLLIERES DANS LE VAR \u00a0 \u00ab Pr\u00e9paration au Grand \u00c9v\u00e9nement et au projet Bouclier Ail\u00e9 de Dieu (GWS) \u00bb \u00a0 Recherches en sciences<a href=\"https:\/\/www.alliances-celestes.com\/en\/events\/seminaire-887-790-242-667-767-369\/\" class=\"more-link\"><span class=\"more-button\">Continue reading<span class=\"screen-reader-text\">Spirituality workshop in Olli\u00e8res<\/span><\/span><\/a><\/p>","protected":false},"author":2,"featured_media":0,"comment_status":"closed","ping_status":"closed","template":"","tags":[],"mec_category":[],"class_list":["post-5166","mec-events","type-mec-events","status-publish","hentry"],"_links":{"self":[{"href":"https:\/\/www.alliances-celestes.com\/en\/wp-json\/wp\/v2\/mec-events\/5166","targetHints":{"allow":["GET"]}}],"collection":[{"href":"https:\/\/www.alliances-celestes.com\/en\/wp-json\/wp\/v2\/mec-events"}],"about":[{"href":"https:\/\/www.alliances-celestes.com\/en\/wp-json\/wp\/v2\/types\/mec-events"}],"author":[{"embeddable":true,"href":"https:\/\/www.alliances-celestes.com\/en\/wp-json\/wp\/v2\/users\/2"}],"replies":[{"embeddable":true,"href":"https:\/\/www.alliances-celestes.com\/en\/wp-json\/wp\/v2\/comments?post=5166"}],"wp:attachment":[{"href":"https:\/\/www.alliances-celestes.com\/en\/wp-json\/wp\/v2\/media?parent=5166"}],"wp:term":[{"taxonomy":"post_tag","embeddable":true,"href":"https:\/\/www.alliances-celestes.com\/en\/wp-json\/wp\/v2\/tags?post=5166"},{"taxonomy":"mec_category","embeddable":true,"href":"https:\/\/www.alliances-celestes.com\/en\/wp-json\/wp\/v2\/mec_category?post=5166"}],"curies":[{"name":"wp","href":"https:\/\/api.w.org\/{rel}","templated":true}]}}