{"id":3946,"date":"2022-10-11T12:30:35","date_gmt":"2022-10-11T10:30:35","guid":{"rendered":"https:\/\/www.alliances-celestes.com\/?post_type=mec-events&#038;p=3946"},"modified":"2022-10-11T17:00:52","modified_gmt":"2022-10-11T15:00:52","slug":"sorties-451-420-696-973-698-943-699-295-471","status":"publish","type":"mec-events","link":"https:\/\/www.alliances-celestes.com\/en\/events\/sorties-451-420-696-973-698-943-699-295-471\/","title":{"rendered":"Sortie Terrain \u2013 SAINT MAXIMIN LA SAINTE BAUME (83)"},"content":{"rendered":"<p><img fetchpriority=\"high\" decoding=\"async\" class=\"size-medium wp-image-1984 aligncenter\" src=\"https:\/\/www.alliances-celestes.com\/wp-content\/uploads\/2022\/03\/QMF-2-300x300.png\" alt=\"\" width=\"300\" height=\"300\" srcset=\"https:\/\/www.alliances-celestes.com\/wp-content\/uploads\/2022\/03\/QMF-2-300x300.png 300w, https:\/\/www.alliances-celestes.com\/wp-content\/uploads\/2022\/03\/QMF-2-100x100.png 100w, https:\/\/www.alliances-celestes.com\/wp-content\/uploads\/2022\/03\/QMF-2-600x600.png 600w, https:\/\/www.alliances-celestes.com\/wp-content\/uploads\/2022\/03\/QMF-2-150x150.png 150w, https:\/\/www.alliances-celestes.com\/wp-content\/uploads\/2022\/03\/QMF-2-768x768.png 768w, https:\/\/www.alliances-celestes.com\/wp-content\/uploads\/2022\/03\/QMF-2-1024x1024.png 1024w, https:\/\/www.alliances-celestes.com\/wp-content\/uploads\/2022\/03\/QMF-2-500x500.png 500w, https:\/\/www.alliances-celestes.com\/wp-content\/uploads\/2022\/03\/QMF-2-1536x1536.png 1536w, https:\/\/www.alliances-celestes.com\/wp-content\/uploads\/2022\/03\/QMF-2-12x12.png 12w, https:\/\/www.alliances-celestes.com\/wp-content\/uploads\/2022\/03\/QMF-2-480x480.png 480w, https:\/\/www.alliances-celestes.com\/wp-content\/uploads\/2022\/03\/QMF-2-592x592.png 592w, https:\/\/www.alliances-celestes.com\/wp-content\/uploads\/2022\/03\/QMF-2-240x240.png 240w, https:\/\/www.alliances-celestes.com\/wp-content\/uploads\/2022\/03\/QMF-2.png 1700w\" sizes=\"(max-width: 300px) 100vw, 300px\" \/><\/p>\n<h2 style=\"text-align: center;\" align=\"left\"><i>La basilique de Marie-Madeleine \u00e0 Saint Maximin la sainte Baume (83)<\/i><\/h2>\n<h2 style=\"text-align: center;\" align=\"left\"><i>Les myst\u00e8res d<\/i><i>e la nouvelle lign\u00e9e du<\/i><i> Graal <\/i><\/h2>\n<h2 style=\"text-align: center;\" align=\"left\"><i>Activation <\/i><i>des nouveaux g\u00e8nes (ARH)<br \/>\n<\/i><\/h2>\n<p>&nbsp;<\/p>\n<h6><\/h6>\n<h5 style=\"text-align: center;\"><em><strong>Pr\u00e9paration de l\u2019\u00e9v\u00e9nementiel du passage trans-dimensionnel et du projet Bouclier Ail\u00e9 de Dieu (G.W.S.)<\/strong> <\/em><\/h5>\n<p>&nbsp;<\/p>\n<h5 style=\"text-align: center;\" align=\"justify\">\u00a0Research in advanced and augmented spiritual sciences.<\/h5>\n<h5 style=\"text-align: center;\" align=\"justify\">\u00a0Mise au point des nouveaux outils de d\u00e9veloppement spirituel 2020 \u2013 2024.<\/h5>\n<h5 style=\"text-align: center;\" align=\"justify\">\u00a0\u00c9tude du processus de la mission c\u00e9leste universelle. \u00c9tude et mise en place du<strong> GWS<\/strong>.<\/h5>\n<p>&nbsp;<\/p>\n<h5><strong>Places limit\u00e9es \u00e0 12 personnes\u2026.Inscriptions aupr\u00e8s de <a href=\"mailto:mariejosewallart@outlook.fr\">mariejosewallart@outlook.fr<\/a><\/strong><\/h5>\n<p>&nbsp;<\/p>\n<h5 align=\"left\"><i>Rendez-vous \u00e0 11h devant le cin\u00e9ma du p\u00f4le culturel : <span lang=\"fr-FR\"> <a href=\"https:\/\/www.google.com\/search?client=firefox-b-d&amp;cs=0&amp;output=search&amp;q=La+Crois%C3%A9e+des+Arts+Provence+Verte&amp;ludocid=7226619592877234462&amp;gsas=1&amp;client=firefox-b-d&amp;lsig=AB86z5Xno-RSkh97hDTINxQPDM8w&amp;sa=X&amp;ved=2ahUKEwja7-6R4sv6AhUOKhoKHSUsArAQ8G0oAHoECBEQAQ\">La Crois\u00e9e des Arts Provence Verte<\/a><\/span><br \/>\n<\/i><\/h5>\n<h5><em><span lang=\"fr-FR\"> Pl. Malherbe, 83470 Saint-Maximin-la-Sainte-Baume<\/span><\/em><\/h5>\n<p>&nbsp;<\/p>\n<h5 align=\"left\"><em><strong><span style=\"text-decoration: underline;\">GPS coordinates for an appointment with our celestial friends between 11am and 6pm<\/span> :<\/strong><\/em><\/h5>\n<h5 align=\"left\"><i><strong>4<\/strong><\/i><i><strong>3<\/strong><\/i><i><strong> \u00b0 <\/strong><\/i><i><strong>27<\/strong><\/i><i><strong> \u2018 <\/strong><\/i><i><strong>0<\/strong><\/i><i><strong>0<\/strong><\/i><i><strong> \u2018\u2019 N<\/strong><\/i><\/h5>\n<h5 align=\"left\"><i> <\/i><i><strong>5<\/strong><\/i><i><strong> \u00b0 <\/strong><\/i><i><strong>51<\/strong><\/i><i><strong>\u2019 <\/strong><\/i><i><strong>43<\/strong><\/i><i><strong>\u2018\u2019 E<\/strong><\/i><\/h5>\n<p>&nbsp;<\/p>\n<h5 align=\"left\"><em><strong>\u00a0<\/strong><\/em><em><strong>Chaussures de marche, sac \u00e0 dos, pique-nique, en option cristal de quartz.<br \/>\n<\/strong><\/em><\/h5>\n<h5 align=\"left\"><i><strong>Participation in the costs of animation: Donation at your discretion<\/strong><\/i><\/h5>\n<p>&nbsp;<\/p>\n<p style=\"text-align: center;\" align=\"left\"><a href=\"https:\/\/www.isa-vision.com\"><input id=\"boutondesign\" type=\"button\" value=\"More Information\" \/><\/a><\/p>","protected":false},"excerpt":{"rendered":"<p>La basilique de Marie-Madeleine \u00e0 Saint Maximin la sainte Baume (83) Les myst\u00e8res de la nouvelle lign\u00e9e du Graal Activation des nouveaux g\u00e8nes (ARH) \u00a0 Pr\u00e9paration de l\u2019\u00e9v\u00e9nementiel du passage<a href=\"https:\/\/www.alliances-celestes.com\/en\/events\/sorties-451-420-696-973-698-943-699-295-471\/\" class=\"more-link\"><span class=\"more-button\">Continue reading<span class=\"screen-reader-text\">Sortie Terrain \u2013 SAINT MAXIMIN LA SAINTE BAUME (83)<\/span><\/span><\/a><\/p>","protected":false},"author":2,"featured_media":0,"comment_status":"closed","ping_status":"closed","template":"","tags":[],"mec_category":[],"class_list":["post-3946","mec-events","type-mec-events","status-publish","hentry"],"_links":{"self":[{"href":"https:\/\/www.alliances-celestes.com\/en\/wp-json\/wp\/v2\/mec-events\/3946","targetHints":{"allow":["GET"]}}],"collection":[{"href":"https:\/\/www.alliances-celestes.com\/en\/wp-json\/wp\/v2\/mec-events"}],"about":[{"href":"https:\/\/www.alliances-celestes.com\/en\/wp-json\/wp\/v2\/types\/mec-events"}],"author":[{"embeddable":true,"href":"https:\/\/www.alliances-celestes.com\/en\/wp-json\/wp\/v2\/users\/2"}],"replies":[{"embeddable":true,"href":"https:\/\/www.alliances-celestes.com\/en\/wp-json\/wp\/v2\/comments?post=3946"}],"wp:attachment":[{"href":"https:\/\/www.alliances-celestes.com\/en\/wp-json\/wp\/v2\/media?parent=3946"}],"wp:term":[{"taxonomy":"post_tag","embeddable":true,"href":"https:\/\/www.alliances-celestes.com\/en\/wp-json\/wp\/v2\/tags?post=3946"},{"taxonomy":"mec_category","embeddable":true,"href":"https:\/\/www.alliances-celestes.com\/en\/wp-json\/wp\/v2\/mec_category?post=3946"}],"curies":[{"name":"wp","href":"https:\/\/api.w.org\/{rel}","templated":true}]}}