{"id":13708,"date":"2025-10-26T14:14:10","date_gmt":"2025-10-26T13:14:10","guid":{"rendered":"https:\/\/www.alliances-celestes.com\/?post_type=mec-events&#038;p=13708"},"modified":"2025-10-29T12:42:11","modified_gmt":"2025-10-29T11:42:11","slug":"sortie-terrain-et-operation-exovision-a-cham-des-bondons-106","status":"publish","type":"mec-events","link":"https:\/\/www.alliances-celestes.com\/en\/events\/sortie-terrain-et-operation-exovision-a-cham-des-bondons-106\/","title":{"rendered":"Symposium EXOVISION au Z\u00e9nith de Limoges du 16 au 18 Mai 2026"},"content":{"rendered":"<section class=\"elementor-section elementor-top-section elementor-element elementor-element-7ac35a37 elementor-section-boxed elementor-section-height-default elementor-section-height-default exad-glass-effect-no exad-sticky-section-no\" data-particle_enable=\"false\" data-particle-mobile-disabled=\"false\" data-id=\"7ac35a37\" data-element_type=\"section\">\n<div class=\"elementor-container elementor-column-gap-default\">\n<div class=\"elementor-column elementor-col-100 elementor-top-column elementor-element elementor-element-1f7ec846 exad-glass-effect-no exad-sticky-section-no\" data-id=\"1f7ec846\" data-element_type=\"column\">\n<div class=\"elementor-widget-wrap elementor-element-populated\">\n<div class=\"elementor-element elementor-element-1f6d4d51 exad-sticky-section-no exad-glass-effect-no elementor-widget elementor-widget-html\" data-id=\"1f6d4d51\" data-element_type=\"widget\" data-widget_type=\"html.default\">\n<div class=\"elementor-widget-container\">\n<div id=\"accueil\">\n<h1 id=\"titretex\" class=\"centrediv\" style=\"text-align: center;\"><strong>BIENVENUE AU SYMPOSIUM EXOVISION<\/strong><\/h1>\n<\/div>\n<\/div>\n<\/div>\n<\/div>\n<\/div>\n<\/div>\n<\/section>\n<section class=\"elementor-section elementor-top-section elementor-element elementor-element-c6d76f6 elementor-section-boxed elementor-section-height-default elementor-section-height-default exad-glass-effect-no exad-sticky-section-no\" data-particle_enable=\"false\" data-particle-mobile-disabled=\"false\" data-id=\"c6d76f6\" data-element_type=\"section\">\n<div class=\"elementor-container elementor-column-gap-default\">\n<div class=\"elementor-column elementor-col-100 elementor-top-column elementor-element elementor-element-7ab4e06 exad-glass-effect-no exad-sticky-section-no\" data-id=\"7ab4e06\" data-element_type=\"column\">\n<div class=\"elementor-widget-wrap elementor-element-populated\">\n<div class=\"elementor-element elementor-element-4017132 exad-sticky-section-no exad-glass-effect-no elementor-widget elementor-widget-text-editor\" data-id=\"4017132\" data-element_type=\"widget\" data-widget_type=\"text-editor.default\">\n<div class=\"elementor-widget-container\">\n<h2 style=\"text-align: center;\"><strong>SECOND RENDEZ-VOUS HUMANO-C\u00c9LESTE AU Z\u00c9NITH DE LIMOGES !<\/strong><\/h2>\n<h2 style=\"text-align: center;\"><\/h2>\n<h2 style=\"text-align: center;\">Vers une Paix universelle<\/h2>\n<p>&nbsp;<\/p>\n<h2 style=\"text-align: center;\">Phase 2 \u2013 L\u2019Alliance des Aigles<\/h2>\n<p>&nbsp;<\/p>\n<h2 style=\"text-align: center;\"><strong>Rendez-vous en mai 2026 pour un Grand \u00c9v\u00e9nement !<\/strong><\/h2>\n<\/div>\n<\/div>\n<\/div>\n<\/div>\n<\/div>\n<\/section>\n<p>&nbsp;<\/p>\n<h4 style=\"text-align: center;\" align=\"left\"><img decoding=\"async\" src=\"https:\/\/www.alliances-celestes.com\/wp-content\/uploads\/2025\/10\/AFFICHE-SYMPOSIUM-3-jours-2026-v2-768x1075.jpg\" \/><\/h4>\n<h3 style=\"text-align: center;\"><\/h3>\n<div class=\"elementor-container elementor-column-gap-default\">\n<div class=\"elementor-column elementor-col-100 elementor-top-column elementor-element elementor-element-3a82fc8 exad-glass-effect-no exad-sticky-section-no\" data-id=\"3a82fc8\" data-element_type=\"column\">\n<div class=\"elementor-widget-wrap elementor-element-populated\">\n<div class=\"elementor-element elementor-element-124da0c exad-sticky-section-no exad-glass-effect-no elementor-widget elementor-widget-text-editor\" data-id=\"124da0c\" data-element_type=\"widget\" data-widget_type=\"text-editor.default\">\n<div class=\"elementor-widget-container\">\n<p style=\"text-align: center;\"><strong>UN SYMPOSIUM R\u00c9PARTI SUR 3 JOURS EXCEPTIONNELS POUR VIVRE UNE AVENTURE EN DEHORS DE L\u2019ORDINAIRE !<\/strong><\/p>\n<\/div>\n<\/div>\n<\/div>\n<\/div>\n<\/div>\n<section class=\"elementor-section elementor-top-section elementor-element elementor-element-6dfd5f8 elementor-section-boxed elementor-section-height-default elementor-section-height-default exad-glass-effect-no exad-sticky-section-no\" data-particle_enable=\"false\" data-particle-mobile-disabled=\"false\" data-id=\"6dfd5f8\" data-element_type=\"section\">\n<div class=\"elementor-container elementor-column-gap-default\">\n<div class=\"elementor-column elementor-col-100 elementor-top-column elementor-element elementor-element-b5baf66 exad-glass-effect-no exad-sticky-section-no\" data-id=\"b5baf66\" data-element_type=\"column\">\n<div class=\"elementor-widget-wrap elementor-element-populated\">\n<div class=\"elementor-element elementor-element-7ce5254 exad-sticky-section-no exad-glass-effect-no elementor-widget elementor-widget-text-editor\" data-id=\"7ce5254\" data-element_type=\"widget\" data-widget_type=\"text-editor.default\">\n<div class=\"elementor-widget-container\">\n<h3 style=\"text-align: center;\"><strong>2 jours au Z\u00e9nith et 1 jour sur le terrain<\/strong><\/h3>\n<p>&nbsp;<\/p>\n<\/div>\n<\/div>\n<\/div>\n<\/div>\n<\/div>\n<\/section>\n<section class=\"elementor-section elementor-top-section elementor-element elementor-element-2b28afa elementor-section-boxed elementor-section-height-default elementor-section-height-default exad-glass-effect-no exad-sticky-section-no\" data-particle_enable=\"false\" data-particle-mobile-disabled=\"false\" data-id=\"2b28afa\" data-element_type=\"section\">\n<div class=\"elementor-container elementor-column-gap-default\">\n<div class=\"elementor-column elementor-col-100 elementor-top-column elementor-element elementor-element-d752df3 exad-glass-effect-no exad-sticky-section-no\" data-id=\"d752df3\" data-element_type=\"column\">\n<div class=\"elementor-widget-wrap elementor-element-populated\">\n<div class=\"elementor-element elementor-element-3307101 exad-sticky-section-no exad-glass-effect-no elementor-widget elementor-widget-heading\" data-id=\"3307101\" data-element_type=\"widget\" data-widget_type=\"heading.default\">\n<div class=\"elementor-widget-container\">\n<p><span style=\"font-size: 1.375rem; font-weight: 600;\">Des conf\u00e9rences, des artistes du nouveau monde, une l\u00e9gende, un challenge et bien d\u2019autres choses encore \u2026<\/span><\/p>\n<\/div>\n<\/div>\n<\/div>\n<\/div>\n<\/div>\n<\/section>\n<section class=\"elementor-section elementor-top-section elementor-element elementor-element-4dfbae2 elementor-section-boxed elementor-section-height-default elementor-section-height-default exad-glass-effect-no exad-sticky-section-no\" data-particle_enable=\"false\" data-particle-mobile-disabled=\"false\" data-id=\"4dfbae2\" data-element_type=\"section\">\n<div class=\"elementor-container elementor-column-gap-default\">\n<div class=\"elementor-column elementor-col-100 elementor-top-column elementor-element elementor-element-851c2f3 exad-glass-effect-no exad-sticky-section-no\" data-id=\"851c2f3\" data-element_type=\"column\">\n<div class=\"elementor-widget-wrap elementor-element-populated\">\n<div class=\"elementor-element elementor-element-9a541af exad-sticky-section-no exad-glass-effect-no elementor-widget elementor-widget-text-editor\" data-id=\"9a541af\" data-element_type=\"widget\" data-widget_type=\"text-editor.default\">\n<div class=\"elementor-widget-container\">\n<p>&nbsp;<\/p>\n<h3><strong>Sur 2 th\u00e8mes :<\/strong><\/h3>\n<ul>\n<li>\n<h3>Exobiologie et Conscience<\/h3>\n<\/li>\n<li>\n<h3>Science et Conscience<\/h3>\n<\/li>\n<\/ul>\n<h3>Pour un contact humano-c\u00e9leste amical !<\/h3>\n<\/div>\n<\/div>\n<\/div>\n<\/div>\n<\/div>\n<\/section>\n<p>&nbsp;<\/p>\n<h3 class=\"western\" align=\"center\"><strong><span style=\"text-decoration: underline;\">INVITES<\/span><\/strong><\/h3>\n<h3><\/h3>\n<p>&nbsp;<\/p>\n<section class=\"elementor-section elementor-top-section elementor-element elementor-element-2e7f71e elementor-section-boxed elementor-section-height-default elementor-section-height-default exad-glass-effect-no exad-sticky-section-no\" data-particle_enable=\"false\" data-particle-mobile-disabled=\"false\" data-id=\"2e7f71e\" data-element_type=\"section\">\n<div class=\"elementor-container elementor-column-gap-default\">\n<div class=\"elementor-column elementor-col-100 elementor-top-column elementor-element elementor-element-e03c57f exad-glass-effect-no exad-sticky-section-no\" data-id=\"e03c57f\" data-element_type=\"column\">\n<div class=\"elementor-widget-wrap elementor-element-populated\">\n<div class=\"elementor-element elementor-element-025c207 exad-sticky-section-no exad-glass-effect-no elementor-widget elementor-widget-heading\" data-id=\"025c207\" data-element_type=\"widget\" data-widget_type=\"heading.default\">\n<div class=\"elementor-widget-container\">\n<h3 class=\"elementor-heading-title elementor-size-default\"><strong>DES CONF\u00c9RENCIERS ET DES INVIT\u00c9S DE MARQUE !<\/strong><\/h3>\n<\/div>\n<\/div>\n<\/div>\n<\/div>\n<\/div>\n<\/section>\n<section class=\"elementor-section elementor-top-section elementor-element elementor-element-87a9a5d elementor-section-boxed elementor-section-height-default elementor-section-height-default exad-glass-effect-no exad-sticky-section-no\" data-particle_enable=\"false\" data-particle-mobile-disabled=\"false\" data-id=\"87a9a5d\" data-element_type=\"section\">\n<div class=\"elementor-container elementor-column-gap-default\">\n<div class=\"elementor-column elementor-col-100 elementor-top-column elementor-element elementor-element-51b0ace exad-glass-effect-no exad-sticky-section-no\" data-id=\"51b0ace\" data-element_type=\"column\">\n<div class=\"elementor-widget-wrap elementor-element-populated\">\n<div class=\"elementor-element elementor-element-d9277a8 exad-sticky-section-no exad-glass-effect-no elementor-widget elementor-widget-text-editor\" data-id=\"d9277a8\" data-element_type=\"widget\" data-widget_type=\"text-editor.default\">\n<div class=\"elementor-widget-container\">\n<h3>Des conf\u00e9renciers audacieux interviendront, vous apporteront leur vision et partageront leur exp\u00e9rience.<\/h3>\n<p>&nbsp;<\/p>\n<h3><strong>In alphabetical order :<\/strong><\/h3>\n<p>&nbsp;<\/p>\n<ul>\n<li>\n<h3><strong>Anatole\u00a0<\/strong>\u2013\u00a0<strong>Renaissance TV<\/strong> \u2013 Technologie galactique et Conscience humaine. Et si tout ceci n\u2019\u00e9tait qu\u2019une illusion ?<\/h3>\n<\/li>\n<li>\n<h3><strong>Annick \u2013 QSF et Alliances C\u00e9lestes<\/strong>\u00a0\u2013 Inceptio vers l\u2019Homo Sapiens Deus \u2013 Contacts Fractals temporels, Inter et transdimensionnels<\/h3>\n<\/li>\n<li>\n<h3><strong>Charles-Maxence Layet \u2013 Printemps des ovnis \u2013<\/strong>\u00a0OVNIS et JAPON \u2013 Des soucoupes au soleil levant ?<\/h3>\n<\/li>\n<li>\n<h3><strong>Gosia \u2013 Cosmic Agency\u00a0<\/strong>\u2013 Communication directe avec les Pl\u00e9iadiens de Taygeta \u2013 Qui sont les Taygetiens et qu\u2019ont-ils \u00e0 nous enseigner \u00e0 propos de la Terre et l\u2019Exopolitique ?<\/h3>\n<\/li>\n<li>\n<h3><strong>Jean-Michel Raoux \u2013 Isa-Vision et Alliances C\u00e9lestes<\/strong>\u00a0\u2013 Vers un nouvel \u00e2ge d\u2019or c\u00e9leste et r\u00e9v\u00e9lation des terres parall\u00e8les ascensionnelles<\/h3>\n<\/li>\n<li>\n<h3><strong>Jimmy Blanchette<\/strong>\u00a0<strong>\u2013 Human Initiated Contact\u00a0<\/strong>\u2013 Au-del\u00e0 du Voile : Une Nouvelle Perspective sur la Physique communiqu\u00e9e par des Civilisations Extraterrestres (Une passerelle entre la conscience humaine et l\u2019intelligence cosmique)<\/h3>\n<\/li>\n<li>\n<h3><strong>Julie &amp; Leelou \u2013 Julie &amp; Leelou Lives\u00a0<\/strong>\u2013 Comit\u00e9 d\u2019\u00e9thique et unit\u00e9. Pr\u00e9parer l\u2019avenir ensemble.<\/h3>\n<\/li>\n<li>\n<h3><strong>Nathalie Th\u00e9aux \u2013 Via-Th\u00e9opolis\u00a0<\/strong>\u2013 Les Intraterres, rencontre avec les peuples alli\u00e9s et bienveillants de la Terre int\u00e9rieure<\/h3>\n<\/li>\n<\/ul>\n<\/div>\n<\/div>\n<\/div>\n<\/div>\n<\/div>\n<\/section>\n<h2 style=\"text-align: center;\"><\/h2>\n<h3 style=\"text-align: center;\"><strong><u>HORAIRES<\/u><\/strong><\/h3>\n<p>&nbsp;<\/p>\n<h3>7h00 : Ouverture des portes<\/h3>\n<h3>9h : d\u00e9but avec show d\u2019introduction<\/h3>\n<h3>9h30 \u2013 18h45 : Conf\u00e9rences et autres interventions sur sc\u00e8ne<\/h3>\n<h3>19h00\u00a0\u2013 20h : d\u00e9dicaces et photos avec les conf\u00e9renciers et artistes<\/h3>\n<h3>Pause de 30mn entre chaque conf\u00e9rence. Pause d\u00e9jeuner d&rsquo;1h15 environ.<\/h3>\n<p>Ces horaires ainsi que les conf\u00e9rences peuvent \u00eatre soumis \u00e0 modification selon \u00e9v\u00e9nements ind\u00e9pendants de notre volont\u00e9.<\/p>\n<p>&nbsp;<\/p>\n<h3 style=\"text-align: center;\"><strong><u>BILLETS<\/u><\/strong><\/h3>\n<p>&nbsp;<\/p>\n<h3>Les billets d&rsquo;entr\u00e9e sont pour les 2 jours.<\/h3>\n<h3>Des tarifs sp\u00e9ciaux sont propos\u00e9s pour les jeunes (enfants de 10 \u00e0 14 ans gratuit, jeunes de 15 \u00e0 21 ans 50% de r\u00e9duction).<\/h3>\n<section class=\"elementor-section elementor-top-section elementor-element elementor-element-ef63003 elementor-section-boxed elementor-section-height-default elementor-section-height-default exad-glass-effect-no exad-sticky-section-no\" data-particle_enable=\"false\" data-particle-mobile-disabled=\"false\" data-id=\"ef63003\" data-element_type=\"section\">\n<div class=\"elementor-container elementor-column-gap-default\">\n<div class=\"elementor-column elementor-col-100 elementor-top-column elementor-element elementor-element-37d5661 exad-glass-effect-no exad-sticky-section-no\" data-id=\"37d5661\" data-element_type=\"column\">\n<div class=\"elementor-widget-wrap elementor-element-populated\">\n<div class=\"elementor-element elementor-element-ef2b04b exad-sticky-section-no exad-glass-effect-no elementor-widget elementor-widget-text-editor\" data-id=\"ef2b04b\" data-element_type=\"widget\" data-widget_type=\"text-editor.default\">\n<div class=\"elementor-widget-container\">\n<h3>Tous les billets seront contr\u00f4l\u00e9s \u00e0 l\u2019entr\u00e9e, ainsi que la carte d&rsquo;identit\u00e9 des enfants et des jeunes.<\/h3>\n<p>&nbsp;<\/p>\n<\/div>\n<\/div>\n<\/div>\n<\/div>\n<\/div>\n<\/section>\n<h3 style=\"text-align: center;\"><strong>Attention : Choisissez et achetez vos places en conscience.<\/strong><\/h3>\n<h3 style=\"text-align: center;\"><strong>Achat ferme, aucun remboursement possible.<\/strong><\/h3>\n<p>&nbsp;<\/p>\n<p>&nbsp;<\/p>\n<h3>Retrouvez toutes les informations et le programme sur :<\/h3>\n<h3><a href=\"https:\/\/www.alliances-celestes.com\/en\/symposium-2026\/\">https:\/\/www.alliances-celestes.com\/symposium-2026\/<\/a><\/h3>","protected":false},"excerpt":{"rendered":"<p>BIENVENUE AU SYMPOSIUM EXOVISION SECOND RENDEZ-VOUS HUMANO-C\u00c9LESTE AU Z\u00c9NITH DE LIMOGES ! Vers une Paix universelle &nbsp; Phase 2 \u2013 L\u2019Alliance des Aigles &nbsp; Rendez-vous en mai 2026 pour un<a href=\"https:\/\/www.alliances-celestes.com\/en\/events\/sortie-terrain-et-operation-exovision-a-cham-des-bondons-106\/\" class=\"more-link\"><span class=\"more-button\">Continue reading<span class=\"screen-reader-text\">Symposium EXOVISION au Z\u00e9nith de Limoges du 16 au 18 Mai 2026<\/span><\/span><\/a><\/p>","protected":false},"author":39,"featured_media":0,"comment_status":"closed","ping_status":"closed","template":"","tags":[],"mec_category":[],"class_list":["post-13708","mec-events","type-mec-events","status-publish","hentry"],"_links":{"self":[{"href":"https:\/\/www.alliances-celestes.com\/en\/wp-json\/wp\/v2\/mec-events\/13708","targetHints":{"allow":["GET"]}}],"collection":[{"href":"https:\/\/www.alliances-celestes.com\/en\/wp-json\/wp\/v2\/mec-events"}],"about":[{"href":"https:\/\/www.alliances-celestes.com\/en\/wp-json\/wp\/v2\/types\/mec-events"}],"author":[{"embeddable":true,"href":"https:\/\/www.alliances-celestes.com\/en\/wp-json\/wp\/v2\/users\/39"}],"replies":[{"embeddable":true,"href":"https:\/\/www.alliances-celestes.com\/en\/wp-json\/wp\/v2\/comments?post=13708"}],"wp:attachment":[{"href":"https:\/\/www.alliances-celestes.com\/en\/wp-json\/wp\/v2\/media?parent=13708"}],"wp:term":[{"taxonomy":"post_tag","embeddable":true,"href":"https:\/\/www.alliances-celestes.com\/en\/wp-json\/wp\/v2\/tags?post=13708"},{"taxonomy":"mec_category","embeddable":true,"href":"https:\/\/www.alliances-celestes.com\/en\/wp-json\/wp\/v2\/mec_category?post=13708"}],"curies":[{"name":"wp","href":"https:\/\/api.w.org\/{rel}","templated":true}]}}